{"id":2159,"date":"2025-11-10T14:27:08","date_gmt":"2025-11-10T14:27:08","guid":{"rendered":"https:\/\/verra-courbevoie.fr\/custom-block\/copied-concert\/"},"modified":"2025-11-10T14:45:16","modified_gmt":"2025-11-10T14:45:16","slug":"concert-programme","status":"publish","type":"custom_blocks","link":"https:\/\/verra-courbevoie.fr\/zh\/custom-block\/concert-programme\/","title":{"rendered":"\u97f3\u4e50\u4f1a\u8282\u76ee\u5355"},"content":{"rendered":"<div data-elementor-type=\"wp-post\" data-elementor-id=\"2159\" class=\"elementor elementor-2159\">\n\t\t\t\t\t\t<section class=\"elementor-section elementor-top-section elementor-element elementor-element-2c2ce1d5 pt-section-content-fullwidth elementor-section-full_width elementor-section-height-min-height elementor-section-height-default elementor-section-items-middle wpr-particle-no wpr-jarallax-no wpr-parallax-no wpr-sticky-section-no wpr-equal-height-no\" data-id=\"2c2ce1d5\" data-element_type=\"section\" data-e-type=\"section\" data-settings=\"{&quot;background_background&quot;:&quot;classic&quot;}\">\n\t\t\t\t\t\t\t<div class=\"elementor-background-overlay\"><\/div>\n\t\t\t\t\t\t\t<div class=\"elementor-container elementor-column-gap-no\">\n\t\t\t\t\t<div class=\"elementor-column elementor-col-50 elementor-top-column elementor-element elementor-element-76b844cb dark-color\" data-id=\"76b844cb\" data-element_type=\"column\" data-e-type=\"column\">\n\t\t\t<div class=\"elementor-widget-wrap elementor-element-populated\">\n\t\t\t\t\t\t<div class=\"elementor-element elementor-element-d3b0f16 elementor-widget elementor-widget-pt_title\" data-id=\"d3b0f16\" data-element_type=\"widget\" data-e-type=\"widget\" data-widget_type=\"pt_title.default\">\n\t\t\t\t<div class=\"elementor-widget-container\">\n\t\t\t\t\t\n        <div class=\"pt-title-wrap text-center\">\t            <div class=\"pt-subtitle-wrap\"><span class=\"pt-subtitle\">\u73b0\u573a\u97f3\u4e50<\/span><\/div>\t            <h4 class=\"pt-title\">\n\t                \u73b0\u573a\u97f3\u4e50\u4f1a\t            <\/h4>\t            <div class=\"pt-title-text\">\n\t                <p>\u6bcf\u5468\u51e0\u4e4e\u90fd\u80fd\u5728 Verr\u00e4 \u91cd\u6e29\u4f60\u6700\u7f8e\u597d\u7684\u591c\u665a\uff0c\u6b23\u8d4f\u4f60\u6700\u559c\u6b22\u7684\u4e50\u961f\u6f14\u51fa<\/p><p>\u4eab\u53d7\u6211\u4eec\u7684 <strong data-start=\"309\" data-end=\"330\">\u53a8\u5e08\u7684\u521b\u4f5c<\/strong> \u548c\u6211\u4eec\u7684 <strong data-start=\"338\" data-end=\"358\">\u81ea\u5236\u9e21\u5c3e\u9152<\/strong> \u8ddf\u7740\u73b0\u573a\u97f3\u4e50\u7684\u8282\u594f\u3002<\/p><p>\u9884\u8ba2\u60a8\u7684\u9910\u684c\u4ee5\u786e\u4fdd\u60a8\u7684\u5ea7\u4f4d\uff01<\/p>\t            <\/div>                <div class=\"pt-title-btn\">\n                    <a class=\"button elementor-button-link\" role=\"button\" href=\"https:\/\/verra-courbevoie.fr\/zh\/reservation\/\">\n                        <span class=\"pt-btn-text\">\u9884\u8ba2\u9910\u684c<\/span>\n                    <\/a>\n                <\/div>\n                    <\/div>\t\t\t\t<\/div>\n\t\t\t\t<\/div>\n\t\t\t\t\t<\/div>\n\t\t<\/div>\n\t\t\t\t<div class=\"elementor-column elementor-col-50 elementor-top-column elementor-element elementor-element-fc5ff88 dark-color\" data-id=\"fc5ff88\" data-element_type=\"column\" data-e-type=\"column\">\n\t\t\t<div class=\"elementor-widget-wrap elementor-element-populated\">\n\t\t\t\t\t\t<div class=\"elementor-element elementor-element-7b54d87 elementor-widget elementor-widget-pt_title\" data-id=\"7b54d87\" data-element_type=\"widget\" data-e-type=\"widget\" data-widget_type=\"pt_title.default\">\n\t\t\t\t<div class=\"elementor-widget-container\">\n\t\t\t\t\t\n        <div class=\"pt-title-wrap text-center\">\t            <div class=\"pt-subtitle-wrap\"><span class=\"pt-subtitle\">\u73b0\u573a\u97f3\u4e50<\/span><\/div>\t            <h4 class=\"pt-title\">\n\t                \u7a0b\u5e8f\t            <\/h4>\t            <div class=\"pt-title-text\">\n\t                <p><strong data-start=\"180\" data-end=\"209\">\u5373\u5c06\u64ad\u51fa\u7684\u97f3\u4e50\u73b0\u573a\u8282\u76ee\uff1a<\/strong><\/p><p><strong>\u5341\u4e00\u6708<\/strong><br \/>&#8211; <strong>14\/11<\/strong> \u7c73\u5947\u00b7\u5df4\u82cf\u5c14<br \/>&#8211; <strong>15\/11<\/strong> \uff1aDuo Breff<br \/>&#8211; <strong>21\/11<\/strong> \uff1aChach&#039;<br \/>&#8211; <strong>28\/11<\/strong> \uff1aDuo Breff<\/p><p><strong>\u5341\u4e8c\u6708<\/strong><br \/>&#8211; <strong>05\/12<\/strong> \u7c73\u5947\u00b7\u5df4\u82cf\u5c14<br \/>&#8211; <strong>12\/12<\/strong> \uff1aChach&#039;<br \/>&#8211; <strong>19\/12<\/strong> \uff1aDuo Breff<\/p>\t            <\/div>        <\/div>\t\t\t\t<\/div>\n\t\t\t\t<\/div>\n\t\t\t\t\t<\/div>\n\t\t<\/div>\n\t\t\t\t\t<\/div>\n\t\t<\/section>\n\t\t\t\t<\/div>","protected":false},"template":"","custom_blocks_category":[15],"class_list":["post-2159","custom_blocks","type-custom_blocks","status-publish","hentry"],"yoast_head":"<!-- This site is optimized with the Yoast SEO plugin v26.6 - https:\/\/yoast.com\/wordpress\/plugins\/seo\/ -->\n<title>Concert Programme - Verr\u00e4 | Bar-Lounge<\/title>\n<meta name=\"robots\" content=\"index, follow, max-snippet:-1, max-image-preview:large, max-video-preview:-1\" \/>\n<link rel=\"canonical\" href=\"https:\/\/verra-courbevoie.fr\/zh\/custom-block\/concert-programme\/\" \/>\n<meta property=\"og:locale\" content=\"zh_CN\" \/>\n<meta property=\"og:type\" content=\"article\" \/>\n<meta property=\"og:title\" content=\"Concert Programme - Verr\u00e4 | Bar-Lounge\" \/>\n<meta property=\"og:description\" content=\"Music-Live Concert live Retrouvez vos meilleures soir\u00e9es chez Verr\u00e4, avec vos groupes de musique pr\u00e9f\u00e9r\u00e9s presque chaque semaine Savourez nos cr\u00e9ations du chef et nos cocktails maison au rythme de la musique live. R\u00e9servez votre table pour vous garantir une place ! R\u00e9server une table Music-Live Programme Programme Music-Live \u00e0 venir : NOVEMBRE&#8211; 14\/11 : Mitch Bassoul&#8211; 15\/11 : Duo Breff&#8211; 21\/11 : Chach&rsquo;&#8211; 28\/11 : Duo Breff D\u00c9CEMBRE&#8211; 05\/12 : Mitch Bassoul&#8211; 12\/12 : Chach&rsquo;&#8211; 19\/12 : Duo Breff\" \/>\n<meta property=\"og:url\" content=\"https:\/\/verra-courbevoie.fr\/zh\/custom-block\/concert-programme\/\" \/>\n<meta property=\"og:site_name\" content=\"Verr\u00e4 | Bar-Lounge\" \/>\n<meta property=\"article:modified_time\" content=\"2025-11-10T14:45:16+00:00\" \/>\n<meta name=\"twitter:card\" content=\"summary_large_image\" \/>\n<meta name=\"twitter:label1\" content=\"\u9884\u8ba1\u9605\u8bfb\u65f6\u95f4\" \/>\n\t<meta name=\"twitter:data1\" content=\"1 \u5206\" \/>\n<script type=\"application\/ld+json\" class=\"yoast-schema-graph\">{\"@context\":\"https:\/\/schema.org\",\"@graph\":[{\"@type\":\"WebPage\",\"@id\":\"https:\/\/verra-courbevoie.fr\/custom-block\/concert-programme\/\",\"url\":\"https:\/\/verra-courbevoie.fr\/custom-block\/concert-programme\/\",\"name\":\"Concert Programme - Verr\u00e4 | Bar-Lounge\",\"isPartOf\":{\"@id\":\"https:\/\/verra-courbevoie.fr\/#website\"},\"datePublished\":\"2025-11-10T14:27:08+00:00\",\"dateModified\":\"2025-11-10T14:45:16+00:00\",\"breadcrumb\":{\"@id\":\"https:\/\/verra-courbevoie.fr\/custom-block\/concert-programme\/#breadcrumb\"},\"inLanguage\":\"zh-Hans\",\"potentialAction\":[{\"@type\":\"ReadAction\",\"target\":[\"https:\/\/verra-courbevoie.fr\/custom-block\/concert-programme\/\"]}]},{\"@type\":\"BreadcrumbList\",\"@id\":\"https:\/\/verra-courbevoie.fr\/custom-block\/concert-programme\/#breadcrumb\",\"itemListElement\":[{\"@type\":\"ListItem\",\"position\":1,\"name\":\"Accueil\",\"item\":\"https:\/\/verra-courbevoie.fr\/\"},{\"@type\":\"ListItem\",\"position\":2,\"name\":\"Custom Blocks\",\"item\":\"https:\/\/verra-courbevoie.fr\/custom-block\/\"},{\"@type\":\"ListItem\",\"position\":3,\"name\":\"Concert Programme\"}]},{\"@type\":\"WebSite\",\"@id\":\"https:\/\/verra-courbevoie.fr\/#website\",\"url\":\"https:\/\/verra-courbevoie.fr\/\",\"name\":\"Verr\u00e4 | Restaurant| Lounge-Bar\",\"description\":\"\",\"publisher\":{\"@id\":\"https:\/\/verra-courbevoie.fr\/#organization\"},\"potentialAction\":[{\"@type\":\"SearchAction\",\"target\":{\"@type\":\"EntryPoint\",\"urlTemplate\":\"https:\/\/verra-courbevoie.fr\/?s={search_term_string}\"},\"query-input\":{\"@type\":\"PropertyValueSpecification\",\"valueRequired\":true,\"valueName\":\"search_term_string\"}}],\"inLanguage\":\"zh-Hans\"},{\"@type\":\"Organization\",\"@id\":\"https:\/\/verra-courbevoie.fr\/#organization\",\"name\":\"Verr\u00e4\",\"url\":\"https:\/\/verra-courbevoie.fr\/\",\"logo\":{\"@type\":\"ImageObject\",\"inLanguage\":\"zh-Hans\",\"@id\":\"https:\/\/verra-courbevoie.fr\/#\/schema\/logo\/image\/\",\"url\":\"https:\/\/verra-courbevoie.fr\/wp-content\/uploads\/2025\/04\/VERRA_LOGO_LOGOTYPE_COLOR_241218.svg\",\"contentUrl\":\"https:\/\/verra-courbevoie.fr\/wp-content\/uploads\/2025\/04\/VERRA_LOGO_LOGOTYPE_COLOR_241218.svg\",\"width\":262,\"height\":67,\"caption\":\"Verr\u00e4\"},\"image\":{\"@id\":\"https:\/\/verra-courbevoie.fr\/#\/schema\/logo\/image\/\"},\"sameAs\":[\"https:\/\/www.instagram.com\/verra.courbevoie\"]}]}<\/script>\n<!-- \/ Yoast SEO plugin. -->","yoast_head_json":{"title":"Concert Programme - Verr\u00e4 | Bar-Lounge","robots":{"index":"index","follow":"follow","max-snippet":"max-snippet:-1","max-image-preview":"max-image-preview:large","max-video-preview":"max-video-preview:-1"},"canonical":"https:\/\/verra-courbevoie.fr\/zh\/custom-block\/concert-programme\/","og_locale":"zh_CN","og_type":"article","og_title":"Concert Programme - Verr\u00e4 | Bar-Lounge","og_description":"Music-Live Concert live Retrouvez vos meilleures soir\u00e9es chez Verr\u00e4, avec vos groupes de musique pr\u00e9f\u00e9r\u00e9s presque chaque semaine Savourez nos cr\u00e9ations du chef et nos cocktails maison au rythme de la musique live. R\u00e9servez votre table pour vous garantir une place ! R\u00e9server une table Music-Live Programme Programme Music-Live \u00e0 venir : NOVEMBRE&#8211; 14\/11 : Mitch Bassoul&#8211; 15\/11 : Duo Breff&#8211; 21\/11 : Chach&rsquo;&#8211; 28\/11 : Duo Breff D\u00c9CEMBRE&#8211; 05\/12 : Mitch Bassoul&#8211; 12\/12 : Chach&rsquo;&#8211; 19\/12 : Duo Breff","og_url":"https:\/\/verra-courbevoie.fr\/zh\/custom-block\/concert-programme\/","og_site_name":"Verr\u00e4 | Bar-Lounge","article_modified_time":"2025-11-10T14:45:16+00:00","twitter_card":"summary_large_image","twitter_misc":{"\u9884\u8ba1\u9605\u8bfb\u65f6\u95f4":"1 \u5206"},"schema":{"@context":"https:\/\/schema.org","@graph":[{"@type":"WebPage","@id":"https:\/\/verra-courbevoie.fr\/custom-block\/concert-programme\/","url":"https:\/\/verra-courbevoie.fr\/custom-block\/concert-programme\/","name":"Concert Programme - Verr\u00e4 | Bar-Lounge","isPartOf":{"@id":"https:\/\/verra-courbevoie.fr\/#website"},"datePublished":"2025-11-10T14:27:08+00:00","dateModified":"2025-11-10T14:45:16+00:00","breadcrumb":{"@id":"https:\/\/verra-courbevoie.fr\/custom-block\/concert-programme\/#breadcrumb"},"inLanguage":"zh-Hans","potentialAction":[{"@type":"ReadAction","target":["https:\/\/verra-courbevoie.fr\/custom-block\/concert-programme\/"]}]},{"@type":"BreadcrumbList","@id":"https:\/\/verra-courbevoie.fr\/custom-block\/concert-programme\/#breadcrumb","itemListElement":[{"@type":"ListItem","position":1,"name":"Accueil","item":"https:\/\/verra-courbevoie.fr\/"},{"@type":"ListItem","position":2,"name":"Custom Blocks","item":"https:\/\/verra-courbevoie.fr\/custom-block\/"},{"@type":"ListItem","position":3,"name":"Concert Programme"}]},{"@type":"WebSite","@id":"https:\/\/verra-courbevoie.fr\/#website","url":"https:\/\/verra-courbevoie.fr\/","name":"Verra | \u9910\u5385 | \u9152\u5eca\u9152\u5427","description":"","publisher":{"@id":"https:\/\/verra-courbevoie.fr\/#organization"},"potentialAction":[{"@type":"SearchAction","target":{"@type":"EntryPoint","urlTemplate":"https:\/\/verra-courbevoie.fr\/?s={search_term_string}"},"query-input":{"@type":"PropertyValueSpecification","valueRequired":true,"valueName":"search_term_string"}}],"inLanguage":"zh-Hans"},{"@type":"Organization","@id":"https:\/\/verra-courbevoie.fr\/#organization","name":"\u770b","url":"https:\/\/verra-courbevoie.fr\/","logo":{"@type":"ImageObject","inLanguage":"zh-Hans","@id":"https:\/\/verra-courbevoie.fr\/#\/schema\/logo\/image\/","url":"https:\/\/verra-courbevoie.fr\/wp-content\/uploads\/2025\/04\/VERRA_LOGO_LOGOTYPE_COLOR_241218.svg","contentUrl":"https:\/\/verra-courbevoie.fr\/wp-content\/uploads\/2025\/04\/VERRA_LOGO_LOGOTYPE_COLOR_241218.svg","width":262,"height":67,"caption":"Verr\u00e4"},"image":{"@id":"https:\/\/verra-courbevoie.fr\/#\/schema\/logo\/image\/"},"sameAs":["https:\/\/www.instagram.com\/verra.courbevoie"]}]}},"_links":{"self":[{"href":"https:\/\/verra-courbevoie.fr\/zh\/wp-json\/wp\/v2\/custom_blocks\/2159","targetHints":{"allow":["GET"]}}],"collection":[{"href":"https:\/\/verra-courbevoie.fr\/zh\/wp-json\/wp\/v2\/custom_blocks"}],"about":[{"href":"https:\/\/verra-courbevoie.fr\/zh\/wp-json\/wp\/v2\/types\/custom_blocks"}],"version-history":[{"count":4,"href":"https:\/\/verra-courbevoie.fr\/zh\/wp-json\/wp\/v2\/custom_blocks\/2159\/revisions"}],"predecessor-version":[{"id":2164,"href":"https:\/\/verra-courbevoie.fr\/zh\/wp-json\/wp\/v2\/custom_blocks\/2159\/revisions\/2164"}],"wp:attachment":[{"href":"https:\/\/verra-courbevoie.fr\/zh\/wp-json\/wp\/v2\/media?parent=2159"}],"wp:term":[{"taxonomy":"custom_blocks_category","embeddable":true,"href":"https:\/\/verra-courbevoie.fr\/zh\/wp-json\/wp\/v2\/custom_blocks_category?post=2159"}],"curies":[{"name":"wp","href":"https:\/\/api.w.org\/{rel}","templated":true}]}}