{"id":14,"date":"2022-08-16T11:53:16","date_gmt":"2022-08-16T11:53:16","guid":{"rendered":"https:\/\/patiotime.loftocean.com\/demo10\/?page_id=14"},"modified":"2026-04-20T11:14:59","modified_gmt":"2026-04-20T11:14:59","slug":"page-accueil","status":"publish","type":"page","link":"https:\/\/verra-courbevoie.fr\/es\/","title":{"rendered":"P\u00e1gina de inicio"},"content":{"rendered":"<div data-elementor-type=\"wp-page\" data-elementor-id=\"14\" class=\"elementor elementor-14\">\n\t\t\t\t\t\t<section class=\"elementor-section elementor-top-section elementor-element elementor-element-0c646ab elementor-section-height-min-height pt-section-content-fullwidth elementor-section-boxed elementor-section-height-default elementor-section-items-middle wpr-particle-no wpr-jarallax-no wpr-parallax-no wpr-sticky-section-no wpr-equal-height-no\" data-id=\"0c646ab\" data-element_type=\"section\" data-e-type=\"section\" data-settings=\"{&quot;background_background&quot;:&quot;classic&quot;}\">\n\t\t\t\t\t\t\t<div class=\"elementor-background-overlay\"><\/div>\n\t\t\t\t\t\t\t<div class=\"elementor-container elementor-column-gap-no\">\n\t\t\t\t\t<div class=\"elementor-column elementor-col-100 elementor-top-column elementor-element elementor-element-4c24195 dark-color\" data-id=\"4c24195\" data-element_type=\"column\" data-e-type=\"column\" data-settings=\"{&quot;background_background&quot;:&quot;classic&quot;}\">\n\t\t\t<div class=\"elementor-widget-wrap elementor-element-populated\">\n\t\t\t\t\t\t<div class=\"elementor-element elementor-element-fc22fb7 pt-animation-small-offset elementor-invisible elementor-widget elementor-widget-pt_title\" data-id=\"fc22fb7\" data-element_type=\"widget\" data-e-type=\"widget\" data-settings=\"{&quot;_animation&quot;:&quot;fadeInUp&quot;,&quot;_animation_delay&quot;:100}\" data-widget_type=\"pt_title.default\">\n\t\t\t\t<div class=\"elementor-widget-container\">\n\t\t\t\t\t\n        <div class=\"pt-title-wrap text-center\">\t            <div class=\"pt-subtitle-wrap\"><span class=\"pt-subtitle\">Restaurante | Bar-sal\u00f3n<\/span><\/div>\t            <h1 class=\"pt-title\">\n\t                En Verr\u00e4, la elegancia adquiere todo su significado.\t            <\/h1>                <div class=\"pt-title-btn\">\n                    <a class=\"button elementor-button-link\" role=\"button\" href=\"https:\/\/verra-courbevoie.fr\/es\/menu\/\">\n                        <span class=\"pt-btn-text\">Descubre el mapa <\/span>\n                    <\/a>\n                <\/div>\n                    <\/div>\t\t\t\t<\/div>\n\t\t\t\t<\/div>\n\t\t\t\t\t<\/div>\n\t\t<\/div>\n\t\t\t\t\t<\/div>\n\t\t<\/section>\n\t\t\t\t<section class=\"elementor-section elementor-top-section elementor-element elementor-element-edf1e30 elementor-section-boxed elementor-section-height-default elementor-section-height-default wpr-particle-no wpr-jarallax-no wpr-parallax-no wpr-sticky-section-no wpr-equal-height-no\" data-id=\"edf1e30\" data-element_type=\"section\" data-e-type=\"section\">\n\t\t\t\t\t\t<div class=\"elementor-container elementor-column-gap-no\">\n\t\t\t\t\t<div class=\"elementor-column elementor-col-100 elementor-top-column elementor-element elementor-element-036e28a\" data-id=\"036e28a\" data-element_type=\"column\" data-e-type=\"column\">\n\t\t\t<div class=\"elementor-widget-wrap elementor-element-populated\">\n\t\t\t\t\t\t<div class=\"elementor-element elementor-element-bb40a78 elementor-widget elementor-widget-pt_title\" data-id=\"bb40a78\" data-element_type=\"widget\" data-e-type=\"widget\" data-widget_type=\"pt_title.default\">\n\t\t\t\t<div class=\"elementor-widget-container\">\n\t\t\t\t\t\n        <div class=\"pt-title-wrap text-center\">\t            <div class=\"pt-subtitle-wrap\"><span class=\"pt-subtitle\">Restaurante moderno<\/span><\/div>\t            <h2 class=\"pt-title\">\n\t                Sal\u00f3n-Bar\t            <\/h2>\t            <div class=\"pt-title-text\">\n\t                <p>Verr\u00e4 es un lugar donde la gente viene a ver, probar y vivir una experiencia \u00fanica.<\/p><p>En un ambiente espacioso y acogedor, dise\u00f1ado para la comodidad y la elegancia, Verr\u00e4 ofrece una cocina refinada y audaz. Cada plato cuenta una historia, cada c\u00f3ctel revela nuestra maestr\u00eda y cada servicio refleja nuestros altos est\u00e1ndares.<\/p><p>Celebramos la excelencia: en el plato, en la copa y en cada detalle de su experiencia de degustaci\u00f3n.<\/p>\t            <\/div>                <div class=\"pt-title-btn\">\n                    <a class=\"button elementor-button-link pt-btn-underline\" role=\"button\" href=\"https:\/\/verra-courbevoie.fr\/es\/notre-histoire\/\">\n                        <span class=\"pt-btn-text\">Sigue nuestra historia<\/span>\n                    <\/a>\n                <\/div>\n                    <\/div>\t\t\t\t<\/div>\n\t\t\t\t<\/div>\n\t\t\t\t\t<\/div>\n\t\t<\/div>\n\t\t\t\t\t<\/div>\n\t\t<\/section>\n\t\t\t\t<section class=\"elementor-section elementor-top-section elementor-element elementor-element-cc7d1f9 elementor-section-boxed elementor-section-height-default elementor-section-height-default wpr-particle-no wpr-jarallax-no wpr-parallax-no wpr-sticky-section-no wpr-equal-height-no\" data-id=\"cc7d1f9\" data-element_type=\"section\" data-e-type=\"section\">\n\t\t\t\t\t\t<div class=\"elementor-container elementor-column-gap-no\">\n\t\t\t\t\t<div class=\"elementor-column elementor-col-33 elementor-top-column elementor-element elementor-element-8a9f303 pt-animation-small-offset elementor-invisible\" data-id=\"8a9f303\" data-element_type=\"column\" data-e-type=\"column\" data-settings=\"{&quot;animation&quot;:&quot;fadeInUp&quot;,&quot;animation_delay&quot;:100}\">\n\t\t\t<div class=\"elementor-widget-wrap elementor-element-populated\">\n\t\t\t\t\t\t<div class=\"elementor-element elementor-element-e6635aa elementor-widget elementor-widget-pt_rounded_image\" data-id=\"e6635aa\" data-element_type=\"widget\" data-e-type=\"widget\" data-widget_type=\"pt_rounded_image.default\">\n\t\t\t\t<div class=\"elementor-widget-container\">\n\t\t\t\t\t\t\t\t\t<div class=\"pt-rounded-image\" style=\"border-radius: var(--rounded) var(--rounded) 0 0;\">\n\t\t\t\t\t<a href=\"https:\/\/verra-courbevoie.fr\/es\/menu\/\">\t\t\t\t\t<img fetchpriority=\"high\" decoding=\"async\" width=\"550\" height=\"825\" src=\"https:\/\/verra-courbevoie.fr\/wp-content\/uploads\/2026\/04\/Salade-nordique-4-550x825.jpg\" class=\"attachment-patiotime_550x9999 size-patiotime_550x9999 wp-image-2765\" alt=\"\" srcset=\"https:\/\/verra-courbevoie.fr\/wp-content\/uploads\/2026\/04\/Salade-nordique-4-550x825.jpg 550w, https:\/\/verra-courbevoie.fr\/wp-content\/uploads\/2026\/04\/Salade-nordique-4-200x300.jpg 200w, https:\/\/verra-courbevoie.fr\/wp-content\/uploads\/2026\/04\/Salade-nordique-4-683x1024.jpg 683w, https:\/\/verra-courbevoie.fr\/wp-content\/uploads\/2026\/04\/Salade-nordique-4-768x1152.jpg 768w, https:\/\/verra-courbevoie.fr\/wp-content\/uploads\/2026\/04\/Salade-nordique-4-1024x1536.jpg 1024w, https:\/\/verra-courbevoie.fr\/wp-content\/uploads\/2026\/04\/Salade-nordique-4-1365x2048.jpg 1365w, https:\/\/verra-courbevoie.fr\/wp-content\/uploads\/2026\/04\/Salade-nordique-4-8x12.jpg 8w, https:\/\/verra-courbevoie.fr\/wp-content\/uploads\/2026\/04\/Salade-nordique-4-1920x2880.jpg 1920w, https:\/\/verra-courbevoie.fr\/wp-content\/uploads\/2026\/04\/Salade-nordique-4-1440x2160.jpg 1440w, https:\/\/verra-courbevoie.fr\/wp-content\/uploads\/2026\/04\/Salade-nordique-4-1200x1800.jpg 1200w, https:\/\/verra-courbevoie.fr\/wp-content\/uploads\/2026\/04\/Salade-nordique-4-780x1170.jpg 780w, https:\/\/verra-courbevoie.fr\/wp-content\/uploads\/2026\/04\/Salade-nordique-4-600x900.jpg 600w, https:\/\/verra-courbevoie.fr\/wp-content\/uploads\/2026\/04\/Salade-nordique-4-370x555.jpg 370w, https:\/\/verra-courbevoie.fr\/wp-content\/uploads\/2026\/04\/Salade-nordique-4-255x383.jpg 255w, https:\/\/verra-courbevoie.fr\/wp-content\/uploads\/2026\/04\/Salade-nordique-4-scaled.jpg 1707w\" sizes=\"(max-width: 550px) 100vw, 550px\" \/>\t\t\t\t\t<\/a>\t\t\t\t<\/div>\t\t\t\t<\/div>\n\t\t\t\t<\/div>\n\t\t\t\t<div class=\"elementor-element elementor-element-d8d52b9 elementor-widget elementor-widget-heading\" data-id=\"d8d52b9\" data-element_type=\"widget\" data-e-type=\"widget\" data-widget_type=\"heading.default\">\n\t\t\t\t<div class=\"elementor-widget-container\">\n\t\t\t\t\t<h2 class=\"elementor-heading-title elementor-size-default\">Platos<\/h2>\t\t\t\t<\/div>\n\t\t\t\t<\/div>\n\t\t\t\t\t<\/div>\n\t\t<\/div>\n\t\t\t\t<div class=\"elementor-column elementor-col-33 elementor-top-column elementor-element elementor-element-a5c8bdc pt-animation-small-offset elementor-invisible\" data-id=\"a5c8bdc\" data-element_type=\"column\" data-e-type=\"column\" data-settings=\"{&quot;animation&quot;:&quot;fadeInUp&quot;,&quot;animation_delay&quot;:300}\">\n\t\t\t<div class=\"elementor-widget-wrap elementor-element-populated\">\n\t\t\t\t\t\t<div class=\"elementor-element elementor-element-8bcce4c elementor-widget elementor-widget-pt_rounded_image\" data-id=\"8bcce4c\" data-element_type=\"widget\" data-e-type=\"widget\" data-widget_type=\"pt_rounded_image.default\">\n\t\t\t\t<div class=\"elementor-widget-container\">\n\t\t\t\t\t\t\t\t\t<div class=\"pt-rounded-image\" style=\"border-radius: var(--rounded) var(--rounded) 0 0;\">\n\t\t\t\t\t<a href=\"https:\/\/verra-courbevoie.fr\/es\/menu\/\">\t\t\t\t\t<img decoding=\"async\" width=\"550\" height=\"825\" src=\"https:\/\/verra-courbevoie.fr\/wp-content\/uploads\/2026\/04\/VERRA2137-550x825.jpg\" class=\"attachment-patiotime_550x9999 size-patiotime_550x9999 wp-image-2775\" alt=\"\" srcset=\"https:\/\/verra-courbevoie.fr\/wp-content\/uploads\/2026\/04\/VERRA2137-550x825.jpg 550w, https:\/\/verra-courbevoie.fr\/wp-content\/uploads\/2026\/04\/VERRA2137-200x300.jpg 200w, https:\/\/verra-courbevoie.fr\/wp-content\/uploads\/2026\/04\/VERRA2137-683x1024.jpg 683w, https:\/\/verra-courbevoie.fr\/wp-content\/uploads\/2026\/04\/VERRA2137-768x1152.jpg 768w, https:\/\/verra-courbevoie.fr\/wp-content\/uploads\/2026\/04\/VERRA2137-1024x1536.jpg 1024w, https:\/\/verra-courbevoie.fr\/wp-content\/uploads\/2026\/04\/VERRA2137-1365x2048.jpg 1365w, https:\/\/verra-courbevoie.fr\/wp-content\/uploads\/2026\/04\/VERRA2137-8x12.jpg 8w, https:\/\/verra-courbevoie.fr\/wp-content\/uploads\/2026\/04\/VERRA2137-1920x2880.jpg 1920w, https:\/\/verra-courbevoie.fr\/wp-content\/uploads\/2026\/04\/VERRA2137-1440x2160.jpg 1440w, https:\/\/verra-courbevoie.fr\/wp-content\/uploads\/2026\/04\/VERRA2137-1200x1800.jpg 1200w, https:\/\/verra-courbevoie.fr\/wp-content\/uploads\/2026\/04\/VERRA2137-780x1170.jpg 780w, https:\/\/verra-courbevoie.fr\/wp-content\/uploads\/2026\/04\/VERRA2137-600x900.jpg 600w, https:\/\/verra-courbevoie.fr\/wp-content\/uploads\/2026\/04\/VERRA2137-370x555.jpg 370w, https:\/\/verra-courbevoie.fr\/wp-content\/uploads\/2026\/04\/VERRA2137-255x383.jpg 255w, https:\/\/verra-courbevoie.fr\/wp-content\/uploads\/2026\/04\/VERRA2137-scaled.jpg 1707w\" sizes=\"(max-width: 550px) 100vw, 550px\" \/>\t\t\t\t\t<\/a>\t\t\t\t<\/div>\t\t\t\t<\/div>\n\t\t\t\t<\/div>\n\t\t\t\t<div class=\"elementor-element elementor-element-ea1971d elementor-widget elementor-widget-heading\" data-id=\"ea1971d\" data-element_type=\"widget\" data-e-type=\"widget\" data-widget_type=\"heading.default\">\n\t\t\t\t<div class=\"elementor-widget-container\">\n\t\t\t\t\t<h2 class=\"elementor-heading-title elementor-size-default\">Postres<\/h2>\t\t\t\t<\/div>\n\t\t\t\t<\/div>\n\t\t\t\t\t<\/div>\n\t\t<\/div>\n\t\t\t\t<div class=\"elementor-column elementor-col-33 elementor-top-column elementor-element elementor-element-43617ad pt-animation-small-offset elementor-invisible\" data-id=\"43617ad\" data-element_type=\"column\" data-e-type=\"column\" data-settings=\"{&quot;animation&quot;:&quot;fadeInUp&quot;,&quot;animation_delay&quot;:500}\">\n\t\t\t<div class=\"elementor-widget-wrap elementor-element-populated\">\n\t\t\t\t\t\t<div class=\"elementor-element elementor-element-23e918f elementor-widget elementor-widget-pt_rounded_image\" data-id=\"23e918f\" data-element_type=\"widget\" data-e-type=\"widget\" data-widget_type=\"pt_rounded_image.default\">\n\t\t\t\t<div class=\"elementor-widget-container\">\n\t\t\t\t\t\t\t\t\t<div class=\"pt-rounded-image\" style=\"border-radius: var(--rounded) var(--rounded) 0 0;\">\n\t\t\t\t\t<a href=\"https:\/\/verra-courbevoie.fr\/wp-content\/uploads\/2025\/11\/Verra-MENU-DRINK-2025.11.12.pdf\">\t\t\t\t\t<img decoding=\"async\" width=\"550\" height=\"732\" src=\"https:\/\/verra-courbevoie.fr\/wp-content\/uploads\/2026\/02\/COCKTAIL-VERRA-550x732.jpg\" class=\"attachment-patiotime_550x9999 size-patiotime_550x9999 wp-image-2573\" alt=\"\" srcset=\"https:\/\/verra-courbevoie.fr\/wp-content\/uploads\/2026\/02\/COCKTAIL-VERRA-550x732.jpg 550w, https:\/\/verra-courbevoie.fr\/wp-content\/uploads\/2026\/02\/COCKTAIL-VERRA-225x300.jpg 225w, https:\/\/verra-courbevoie.fr\/wp-content\/uploads\/2026\/02\/COCKTAIL-VERRA-769x1024.jpg 769w, https:\/\/verra-courbevoie.fr\/wp-content\/uploads\/2026\/02\/COCKTAIL-VERRA-768x1023.jpg 768w, https:\/\/verra-courbevoie.fr\/wp-content\/uploads\/2026\/02\/COCKTAIL-VERRA-1153x1536.jpg 1153w, https:\/\/verra-courbevoie.fr\/wp-content\/uploads\/2026\/02\/COCKTAIL-VERRA-1538x2048.jpg 1538w, https:\/\/verra-courbevoie.fr\/wp-content\/uploads\/2026\/02\/COCKTAIL-VERRA-9x12.jpg 9w, https:\/\/verra-courbevoie.fr\/wp-content\/uploads\/2026\/02\/COCKTAIL-VERRA-1920x2557.jpg 1920w, https:\/\/verra-courbevoie.fr\/wp-content\/uploads\/2026\/02\/COCKTAIL-VERRA-1440x1918.jpg 1440w, https:\/\/verra-courbevoie.fr\/wp-content\/uploads\/2026\/02\/COCKTAIL-VERRA-1200x1598.jpg 1200w, https:\/\/verra-courbevoie.fr\/wp-content\/uploads\/2026\/02\/COCKTAIL-VERRA-780x1039.jpg 780w, https:\/\/verra-courbevoie.fr\/wp-content\/uploads\/2026\/02\/COCKTAIL-VERRA-600x799.jpg 600w, https:\/\/verra-courbevoie.fr\/wp-content\/uploads\/2026\/02\/COCKTAIL-VERRA-370x493.jpg 370w, https:\/\/verra-courbevoie.fr\/wp-content\/uploads\/2026\/02\/COCKTAIL-VERRA-255x340.jpg 255w, https:\/\/verra-courbevoie.fr\/wp-content\/uploads\/2026\/02\/COCKTAIL-VERRA-scaled.jpg 1922w\" sizes=\"(max-width: 550px) 100vw, 550px\" \/>\t\t\t\t\t<\/a>\t\t\t\t<\/div>\t\t\t\t<\/div>\n\t\t\t\t<\/div>\n\t\t\t\t<div class=\"elementor-element elementor-element-94f01b2 elementor-widget elementor-widget-heading\" data-id=\"94f01b2\" data-element_type=\"widget\" data-e-type=\"widget\" data-widget_type=\"heading.default\">\n\t\t\t\t<div class=\"elementor-widget-container\">\n\t\t\t\t\t<h2 class=\"elementor-heading-title elementor-size-default\">Bebidas<\/h2>\t\t\t\t<\/div>\n\t\t\t\t<\/div>\n\t\t\t\t\t<\/div>\n\t\t<\/div>\n\t\t\t\t\t<\/div>\n\t\t<\/section>\n\t\t\t\t<section class=\"elementor-section elementor-top-section elementor-element elementor-element-09c5882 elementor-section-content-middle elementor-section-boxed elementor-section-height-default elementor-section-height-default wpr-particle-no wpr-jarallax-no wpr-parallax-no wpr-sticky-section-no wpr-equal-height-no\" data-id=\"09c5882\" data-element_type=\"section\" data-e-type=\"section\" data-settings=\"{&quot;background_background&quot;:&quot;classic&quot;}\">\n\t\t\t\t\t\t<div class=\"elementor-container elementor-column-gap-no\">\n\t\t\t\t\t<div class=\"elementor-column elementor-col-33 elementor-top-column elementor-element elementor-element-6704b92\" data-id=\"6704b92\" data-element_type=\"column\" data-e-type=\"column\">\n\t\t\t<div class=\"elementor-widget-wrap elementor-element-populated\">\n\t\t\t\t\t\t<div class=\"elementor-element elementor-element-d0353f6 elementor-widget elementor-widget-image\" data-id=\"d0353f6\" data-element_type=\"widget\" data-e-type=\"widget\" data-widget_type=\"image.default\">\n\t\t\t\t<div class=\"elementor-widget-container\">\n\t\t\t\t\t\t\t\t\t\t\t\t\t\t\t<img loading=\"lazy\" decoding=\"async\" width=\"550\" height=\"825\" src=\"https:\/\/verra-courbevoie.fr\/wp-content\/uploads\/2026\/04\/Salle-5-550x825.jpg\" class=\"attachment-patiotime_550x9999 size-patiotime_550x9999 wp-image-2770\" alt=\"\" srcset=\"https:\/\/verra-courbevoie.fr\/wp-content\/uploads\/2026\/04\/Salle-5-550x825.jpg 550w, https:\/\/verra-courbevoie.fr\/wp-content\/uploads\/2026\/04\/Salle-5-200x300.jpg 200w, https:\/\/verra-courbevoie.fr\/wp-content\/uploads\/2026\/04\/Salle-5-683x1024.jpg 683w, https:\/\/verra-courbevoie.fr\/wp-content\/uploads\/2026\/04\/Salle-5-768x1152.jpg 768w, https:\/\/verra-courbevoie.fr\/wp-content\/uploads\/2026\/04\/Salle-5-1024x1536.jpg 1024w, https:\/\/verra-courbevoie.fr\/wp-content\/uploads\/2026\/04\/Salle-5-1365x2048.jpg 1365w, https:\/\/verra-courbevoie.fr\/wp-content\/uploads\/2026\/04\/Salle-5-8x12.jpg 8w, https:\/\/verra-courbevoie.fr\/wp-content\/uploads\/2026\/04\/Salle-5-1920x2880.jpg 1920w, https:\/\/verra-courbevoie.fr\/wp-content\/uploads\/2026\/04\/Salle-5-1440x2160.jpg 1440w, https:\/\/verra-courbevoie.fr\/wp-content\/uploads\/2026\/04\/Salle-5-1200x1800.jpg 1200w, https:\/\/verra-courbevoie.fr\/wp-content\/uploads\/2026\/04\/Salle-5-780x1170.jpg 780w, https:\/\/verra-courbevoie.fr\/wp-content\/uploads\/2026\/04\/Salle-5-600x900.jpg 600w, https:\/\/verra-courbevoie.fr\/wp-content\/uploads\/2026\/04\/Salle-5-370x555.jpg 370w, https:\/\/verra-courbevoie.fr\/wp-content\/uploads\/2026\/04\/Salle-5-255x382.jpg 255w, https:\/\/verra-courbevoie.fr\/wp-content\/uploads\/2026\/04\/Salle-5-scaled.jpg 1707w\" sizes=\"(max-width: 550px) 100vw, 550px\" \/>\t\t\t\t\t\t\t\t\t\t\t\t\t\t\t<\/div>\n\t\t\t\t<\/div>\n\t\t\t\t\t<\/div>\n\t\t<\/div>\n\t\t\t\t<div class=\"elementor-column elementor-col-33 elementor-top-column elementor-element elementor-element-9af36de\" data-id=\"9af36de\" data-element_type=\"column\" data-e-type=\"column\">\n\t\t\t<div class=\"elementor-widget-wrap elementor-element-populated\">\n\t\t\t\t\t\t<div class=\"elementor-element elementor-element-2ce1d79 elementor-widget elementor-widget-pt_title\" data-id=\"2ce1d79\" data-element_type=\"widget\" data-e-type=\"widget\" data-widget_type=\"pt_title.default\">\n\t\t\t\t<div class=\"elementor-widget-container\">\n\t\t\t\t\t\n        <div class=\"pt-title-wrap text-center\">\t            <div class=\"pt-subtitle-wrap\"><span class=\"pt-subtitle\">En el coraz\u00f3n del servicio<\/span><\/div>\t            <h2 class=\"pt-title\">\n\t                Pasi\u00f3n y sinceridad\t            <\/h2>\t            <div class=\"pt-title-text\">\n\t                <p>Verr\u00e4 naci\u00f3 de un simple deseo: ofrecer un lugar sincero y acogedor, donde cada momento cuenta. Aqu\u00ed cuidamos con la misma dedicaci\u00f3n que la comida que servimos.<\/p>\t            <\/div>        <\/div>\t\t\t\t<\/div>\n\t\t\t\t<\/div>\n\t\t\t\t\t<\/div>\n\t\t<\/div>\n\t\t\t\t<div class=\"elementor-column elementor-col-33 elementor-top-column elementor-element elementor-element-231d05b\" data-id=\"231d05b\" data-element_type=\"column\" data-e-type=\"column\">\n\t\t\t<div class=\"elementor-widget-wrap elementor-element-populated\">\n\t\t\t\t\t\t<div class=\"elementor-element elementor-element-24fe7d1 elementor-widget elementor-widget-image\" data-id=\"24fe7d1\" data-element_type=\"widget\" data-e-type=\"widget\" data-widget_type=\"image.default\">\n\t\t\t\t<div class=\"elementor-widget-container\">\n\t\t\t\t\t\t\t\t\t\t\t\t\t\t\t<img loading=\"lazy\" decoding=\"async\" width=\"550\" height=\"825\" src=\"https:\/\/verra-courbevoie.fr\/wp-content\/uploads\/2026\/04\/Salle-3-550x825.jpg\" class=\"attachment-patiotime_550x9999 size-patiotime_550x9999 wp-image-2768\" alt=\"\" srcset=\"https:\/\/verra-courbevoie.fr\/wp-content\/uploads\/2026\/04\/Salle-3-550x825.jpg 550w, https:\/\/verra-courbevoie.fr\/wp-content\/uploads\/2026\/04\/Salle-3-200x300.jpg 200w, https:\/\/verra-courbevoie.fr\/wp-content\/uploads\/2026\/04\/Salle-3-683x1024.jpg 683w, https:\/\/verra-courbevoie.fr\/wp-content\/uploads\/2026\/04\/Salle-3-768x1152.jpg 768w, https:\/\/verra-courbevoie.fr\/wp-content\/uploads\/2026\/04\/Salle-3-1024x1536.jpg 1024w, https:\/\/verra-courbevoie.fr\/wp-content\/uploads\/2026\/04\/Salle-3-1365x2048.jpg 1365w, https:\/\/verra-courbevoie.fr\/wp-content\/uploads\/2026\/04\/Salle-3-8x12.jpg 8w, https:\/\/verra-courbevoie.fr\/wp-content\/uploads\/2026\/04\/Salle-3-1920x2880.jpg 1920w, https:\/\/verra-courbevoie.fr\/wp-content\/uploads\/2026\/04\/Salle-3-1440x2160.jpg 1440w, https:\/\/verra-courbevoie.fr\/wp-content\/uploads\/2026\/04\/Salle-3-1200x1800.jpg 1200w, https:\/\/verra-courbevoie.fr\/wp-content\/uploads\/2026\/04\/Salle-3-780x1170.jpg 780w, https:\/\/verra-courbevoie.fr\/wp-content\/uploads\/2026\/04\/Salle-3-600x900.jpg 600w, https:\/\/verra-courbevoie.fr\/wp-content\/uploads\/2026\/04\/Salle-3-370x555.jpg 370w, https:\/\/verra-courbevoie.fr\/wp-content\/uploads\/2026\/04\/Salle-3-255x383.jpg 255w, https:\/\/verra-courbevoie.fr\/wp-content\/uploads\/2026\/04\/Salle-3-scaled.jpg 1706w\" sizes=\"(max-width: 550px) 100vw, 550px\" \/>\t\t\t\t\t\t\t\t\t\t\t\t\t\t\t<\/div>\n\t\t\t\t<\/div>\n\t\t\t\t\t<\/div>\n\t\t<\/div>\n\t\t\t\t\t<\/div>\n\t\t<\/section>\n\t\t\t\t<section class=\"elementor-section elementor-top-section elementor-element elementor-element-d67ecb3 pt_scroll_y_120 pt-parallax-on-scroll elementor-section-full_width elementor-section-content-middle elementor-section-height-default elementor-section-height-default wpr-particle-no wpr-jarallax-no wpr-parallax-no wpr-sticky-section-no wpr-equal-height-no\" data-id=\"d67ecb3\" data-element_type=\"section\" data-e-type=\"section\" data-settings=\"{&quot;background_background&quot;:&quot;classic&quot;}\" data-pt-parallax-y=\"120\">\n\t\t\t\t\t\t<div class=\"elementor-container elementor-column-gap-default\">\n\t\t\t\t\t<div class=\"elementor-column elementor-col-50 elementor-top-column elementor-element elementor-element-15cb6e4\" data-id=\"15cb6e4\" data-element_type=\"column\" data-e-type=\"column\" data-settings=\"{&quot;background_background&quot;:&quot;classic&quot;}\">\n\t\t\t<div class=\"elementor-widget-wrap elementor-element-populated\">\n\t\t\t\t\t\t<section class=\"elementor-section elementor-inner-section elementor-element elementor-element-dec46bb elementor-section-boxed elementor-section-height-default elementor-section-height-default wpr-particle-no wpr-jarallax-no wpr-parallax-no wpr-sticky-section-no wpr-equal-height-no\" data-id=\"dec46bb\" data-element_type=\"section\" data-e-type=\"section\">\n\t\t\t\t\t\t<div class=\"elementor-container elementor-column-gap-no\">\n\t\t\t\t\t<div class=\"elementor-column elementor-col-100 elementor-inner-column elementor-element elementor-element-ba23f61\" data-id=\"ba23f61\" data-element_type=\"column\" data-e-type=\"column\">\n\t\t\t<div class=\"elementor-widget-wrap elementor-element-populated\">\n\t\t\t\t\t\t<div class=\"elementor-element elementor-element-49be691 elementor-widget elementor-widget-pt_title\" data-id=\"49be691\" data-element_type=\"widget\" data-e-type=\"widget\" data-widget_type=\"pt_title.default\">\n\t\t\t\t<div class=\"elementor-widget-container\">\n\t\t\t\t\t\n        <div class=\"pt-title-wrap\">\t            <div class=\"pt-subtitle-wrap\"><span class=\"pt-subtitle\">En Verr\u00e4, cada plato es una invitaci\u00f3n a descubrir la elegancia de los sabores, en un entorno donde el refinamiento y la convivencia se encuentran.<\/span><\/div>\t            <h3 class=\"pt-title color-white\">\n\t                Un sabor para saborear.\t            <\/h3>                <div class=\"pt-title-btn\">\n                    <a class=\"button elementor-button-link pt-btn-outline\" role=\"button\" href=\"https:\/\/verra-courbevoie.fr\/es\/menus\/\">\n                        <span class=\"pt-btn-text\">Descubre el mapa <\/span>\n                    <\/a>\n                <\/div>\n                    <\/div>\t\t\t\t<\/div>\n\t\t\t\t<\/div>\n\t\t\t\t\t<\/div>\n\t\t<\/div>\n\t\t\t\t\t<\/div>\n\t\t<\/section>\n\t\t\t\t\t<\/div>\n\t\t<\/div>\n\t\t\t\t<div class=\"elementor-column elementor-col-50 elementor-top-column elementor-element elementor-element-f616075\" data-id=\"f616075\" data-element_type=\"column\" data-e-type=\"column\" data-settings=\"{&quot;background_background&quot;:&quot;classic&quot;}\">\n\t\t\t<div class=\"elementor-widget-wrap elementor-element-populated\">\n\t\t\t\t\t\t<div class=\"elementor-element elementor-element-42cd399 elementor-widget elementor-widget-spacer\" data-id=\"42cd399\" data-element_type=\"widget\" data-e-type=\"widget\" data-widget_type=\"spacer.default\">\n\t\t\t\t<div class=\"elementor-widget-container\">\n\t\t\t\t\t\t\t<div class=\"elementor-spacer\">\n\t\t\t<div class=\"elementor-spacer-inner\"><\/div>\n\t\t<\/div>\n\t\t\t\t\t\t<\/div>\n\t\t\t\t<\/div>\n\t\t\t\t\t<\/div>\n\t\t<\/div>\n\t\t\t\t\t<\/div>\n\t\t<\/section>\n\t\t\t\t<section class=\"elementor-section elementor-top-section elementor-element elementor-element-59778c3 pt-section-content-fullwidth pt_scroll_y_500 pt-parallax-on-scroll elementor-section-boxed elementor-section-height-default elementor-section-height-default wpr-particle-no wpr-jarallax-no wpr-parallax-no wpr-sticky-section-no wpr-equal-height-no\" data-id=\"59778c3\" data-element_type=\"section\" data-e-type=\"section\" data-settings=\"{&quot;background_background&quot;:&quot;classic&quot;}\" data-pt-parallax-y=\"500\" style=\"background-image: none;\" data-pt-background-image=\"http:\/\/verra-courbevoie.fr\/wp-content\/uploads\/2025\/11\/Verra-EVENT-Mariage_1-251124.jpg\">\n\t\t\t\t\t\t<div class=\"elementor-container elementor-column-gap-default\">\n\t\t\t\t\t<div class=\"elementor-column elementor-col-100 elementor-top-column elementor-element elementor-element-ae377d2\" data-id=\"ae377d2\" data-element_type=\"column\" data-e-type=\"column\" data-settings=\"{&quot;background_background&quot;:&quot;classic&quot;}\">\n\t\t\t<div class=\"elementor-widget-wrap elementor-element-populated\">\n\t\t\t\t\t\t<section class=\"elementor-section elementor-inner-section elementor-element elementor-element-6669072 elementor-section-boxed elementor-section-height-default elementor-section-height-default wpr-particle-no wpr-jarallax-no wpr-parallax-no wpr-sticky-section-no wpr-equal-height-no\" data-id=\"6669072\" data-element_type=\"section\" data-e-type=\"section\">\n\t\t\t\t\t\t<div class=\"elementor-container elementor-column-gap-no\">\n\t\t\t\t\t<div class=\"elementor-column elementor-col-100 elementor-inner-column elementor-element elementor-element-e56d1a5\" data-id=\"e56d1a5\" data-element_type=\"column\" data-e-type=\"column\">\n\t\t\t<div class=\"elementor-widget-wrap elementor-element-populated\">\n\t\t\t\t\t\t<div class=\"elementor-element elementor-element-c239c68 elementor-widget elementor-widget-pt_title\" data-id=\"c239c68\" data-element_type=\"widget\" data-e-type=\"widget\" data-widget_type=\"pt_title.default\">\n\t\t\t\t<div class=\"elementor-widget-container\">\n\t\t\t\t\t\n        <div class=\"pt-title-wrap text-center\">\t            <div class=\"pt-subtitle-wrap\"><span class=\"pt-subtitle\">Cu\u00e9ntanos sobre tu proyecto<\/span><\/div>\t            <h3 class=\"pt-title\">\n\t                Privatizaci\u00f3n\t            <\/h3>\t            <div class=\"pt-title-text\">\n\t                <p>Nuestro equipo est\u00e1 aqu\u00ed para ayudarte a crear un momento que refleje tu personalidad.<br data-start=\"1309\" data-end=\"1312\" \/>Cont\u00e1ctenos a trav\u00e9s del formulario haciendo clic a continuaci\u00f3n o directamente por correo electr\u00f3nico a contact@verra-courbevoie.fr.<\/p>\t            <\/div>                <div class=\"pt-title-btn\">\n                    <a class=\"button elementor-button-link pt-btn-outline\" role=\"button\" href=\"https:\/\/verra-courbevoie.fr\/es\/privatisation\/\">\n                        <span class=\"pt-btn-text\">M\u00e1s informaci\u00f3n<\/span>\n                    <\/a>\n                <\/div>\n                    <\/div>\t\t\t\t<\/div>\n\t\t\t\t<\/div>\n\t\t\t\t<div class=\"elementor-element elementor-element-c9a3264 elementor-align-center elementor-widget elementor-widget-pt_button\" data-id=\"c9a3264\" data-element_type=\"widget\" data-e-type=\"widget\" data-widget_type=\"pt_button.default\">\n\t\t\t\t<div class=\"elementor-widget-container\">\n\t\t\t\t\t        <a href=\"https:\/\/verra-courbevoie.fr\/es\/contact\/\" class=\"elementor-button-link button\" role=\"button\">\n            <span class=\"pt-btn-text\">Cont\u00e1ctenos<\/span>\n        <\/a>\t\t\t\t<\/div>\n\t\t\t\t<\/div>\n\t\t\t\t\t<\/div>\n\t\t<\/div>\n\t\t\t\t\t<\/div>\n\t\t<\/section>\n\t\t\t\t\t<\/div>\n\t\t<\/div>\n\t\t\t\t\t<\/div>\n\t\t<\/section>\n\t\t<div class=\"elementor-element elementor-element-d2ceb19 e-flex e-con-boxed wpr-particle-no wpr-jarallax-no wpr-parallax-no wpr-sticky-section-no wpr-equal-height-no e-con e-parent\" data-id=\"d2ceb19\" data-element_type=\"container\" data-e-type=\"container\">\n\t\t\t\t\t<div class=\"e-con-inner\">\n\t\t\t\t<div class=\"elementor-element elementor-element-a0cd2de elementor-widget elementor-widget-html\" data-id=\"a0cd2de\" data-element_type=\"widget\" data-e-type=\"widget\" data-widget_type=\"html.default\">\n\t\t\t\t<div class=\"elementor-widget-container\">\n\t\t\t\t\t<style>\r\n    #reserve-btn {\r\n    position: fixed;\r\n    bottom: 20px;\r\n    left: 50%;\r\n    transform: translateX(-50%);\r\n    display: flex; \/* Centre le texte *\/\r\n    align-items: center; \/* Alignement vertical *\/\r\n    justify-content: center; \/* Alignement horizontal *\/\r\n    text-decoration: none; \/* Supprime le soulignement *\/\r\n    background-color: var(--secondary-color);\r\n    color: white;\r\n    font-family: inherit;\r\n    font-size: 18px;\r\n    padding: 15px 50px;\r\n    border: solid var( --e-global-color-accent );\r\n    border-radius: 30px;\r\n    box-shadow: 0px 4px 6px rgba(0, 0, 0, 0.1);\r\n    cursor: pointer;\r\n    transition: opacity 0.3s ease-in-out;\r\n    z-index: 1000;\r\n    margin: 0;\r\n    width: calc(100% - 40px); \/* Prend toute la largeur moins 40px de marge *\/\r\n    max-width: 400px; \/* \u00c9vite qu\u2019il soit trop large sur les grands t\u00e9l\u00e9phones *\/\r\n    text-transform: uppercase;\r\n    font-weight: 500;\r\n}\r\n#reserve-btn:hover{\r\n    background-color: var(--e-global-color-primary);\r\n}\r\n\r\n\/* Masquer sur desktop *\/\r\n@media (min-width: 768px) {\r\n    #reserve-btn {\r\n        display: none;\r\n    }\r\n}\r\n\r\n<\/style>\r\n\r\n<a href=\"https:\/\/verra-courbevoie.fr\/es\/reservation\/\" id=\"reserve-btn\">Reservar una mesa<\/a>\r\n\r\n<script>\r\n    document.addEventListener(\"DOMContentLoaded\", function () {\r\n        const reserveBtn = document.getElementById(\"reserve-btn\");\r\n        const footer = document.querySelector(\"footer\");\r\n\r\n        \/\/ V\u00e9rifie si on est sur la page \"R\u00e9servation\"\r\n        if (window.location.pathname.includes(\"reservation\")) {\r\n            reserveBtn.style.display = \"none\";\r\n        }\r\n\r\n        \/\/ V\u00e9rifie si le bouton touche le footer\r\n        window.addEventListener(\"scroll\", function () {\r\n            const footerTop = footer.getBoundingClientRect().top;\r\n            const windowHeight = window.innerHeight;\r\n\r\n            if (footerTop < windowHeight) {\r\n                reserveBtn.style.opacity = \"0\";\r\n                reserveBtn.style.pointerEvents = \"none\"; \/\/ D\u00e9sactive le clic\r\n            } else {\r\n                reserveBtn.style.opacity = \"1\";\r\n                reserveBtn.style.pointerEvents = \"auto\"; \/\/ R\u00e9active le clic\r\n            }\r\n        });\r\n    });\r\n<\/script>\r\n\r\n\t\t\t\t<\/div>\n\t\t\t\t<\/div>\n\t\t\t\t\t<\/div>\n\t\t\t\t<\/div>\n\t\t\t\t<\/div>","protected":false},"excerpt":{"rendered":"<p>Restaurant | Lounge-bar Chez Verr\u00e4, l\u2019\u00e9l\u00e9gance prend tout son sens D\u00e9couvrir la carte Restaurant Moderne Lounge-Bar Verr\u00e4 est un lieu o\u00f9 l\u2019on vient pour voir, go\u00fbter et vivre une exp\u00e9rience unique. Dans un d\u00e9cor spacieux et chaleureux, pens\u00e9 pour le confort et l\u2019\u00e9l\u00e9gance, Verr\u00e4 propose une cuisine soign\u00e9e, audacieuse. Chaque plat raconte une histoire, chaque cocktail r\u00e9v\u00e8le un savoir-faire, et chaque service refl\u00e8te notre exigence. Nous mettons l\u2019excellence \u00e0 l\u2019honneur \u2013 dans l\u2019assiette, au verre, et dans les moindres d\u00e9tails de votre d\u00e9gustation. Suivre Notre Histoire Plats Desserts Boissons Au C\u0153ur du Service Passion &amp; Sinc\u00e9rit\u00e9 Verr\u00e4 est n\u00e9 d\u2019une envie simple : offrir un lieu sinc\u00e8re et accueillant, o\u00f9 chaque moment compte. Ici, on soigne autant l\u2019assiette que l\u2019attention port\u00e9e \u00e0 ceux qui la d\u00e9gustent. Chez Verr\u00e4, chaque assiette est une invitation \u00e0 d\u00e9couvrir l\u2019\u00e9l\u00e9gance des saveurs, dans un cadre o\u00f9 raffinement et convivialit\u00e9 se rencontrent. Le go\u00fbt qui se savoure. D\u00e9couvrir La Carte Faites-nous part de votre projet Privatisation Notre \u00e9quipe est \u00e0 votre \u00e9coute pour imaginer ensemble un moment \u00e0 votre image.Contactez-nous via le formulaire en cliquant ci-dessous ou directement par mail \u00e0 contact@verra-courbevoie.fr. En savoir plus Nous-Contacter R\u00e9server une table<\/p>","protected":false},"author":1,"featured_media":0,"parent":0,"menu_order":0,"comment_status":"closed","ping_status":"closed","template":"template-wide-content.php","meta":{"inline_featured_image":false,"patiotime_single_page_hide_site_header":"","patiotime_single_page_site_header_source":"","patiotime_single_page_custom_site_header":"0","patiotime_single_page_custom_sticky_site_header":"0","patiotime_single_page_custom_page_title_margin_top_source":"","patiotime_single_page_custom_page_title_desktop_margin_top":"","patiotime_single_page_custom_page_title_tablet_margin_top":"","patiotime_single_page_custom_page_title_mobile_margin_top":"","patiotime_single_page_hide_page_title":"on","patiotime_single_page_header_section_size":"","patiotime_single_page_header_background_color":"","patiotime_single_page_header_background_position_x":"center","patiotime_single_page_header_background_position_y":"center","patiotime_single_page_header_background_size":"cover","patiotime_single_page_header_background_repeat":"off","patiotime_single_page_header_background_scroll":"on","patiotime_single_page_header_text_color":"","patiotime_single_page_header_show_breadcrumb":"","patiotime_single_page_site_footer_hide_main":"","patiotime_single_custom_site_footer_main_source":"","patiotime_single_custom_site_footer_main":"0","patiotime_single_page_site_footer_hide_above":"","patiotime_single_custom_site_footer_above_source":"","patiotime_single_custom_site_footer_above":"0","patiotime_single_page_site_footer_hide_instagram":"","patiotime_single_page_site_footer_hide_bottom":"","patiotime_single_custom_mobile_menu_source":"","patiotime_single_custom_mobile_menu":"0","patiotime_single_custom_mobile_menu_animation":"","patiotime_single_custom_mobile_menu_width":"","patiotime_single_custom_mobile_menu_custom_width":375,"footnotes":""},"class_list":["post-14","page","type-page","status-publish","hentry"],"yoast_head":"<!-- This site is optimized with the Yoast SEO plugin v26.6 - https:\/\/yoast.com\/wordpress\/plugins\/seo\/ -->\n<title>Page d&#039;Accueil - Verr\u00e4 | Bar-Lounge<\/title>\n<meta name=\"description\" content=\"Bienvenue chez Verr\u00e4 : un restaurant bar-lounge fran\u00e7ais moderne \u00e0 Courbevoie, offrant une cuisine maison, des cocktails cr\u00e9atifs et une ambiance chaleureuse.\" \/>\n<meta name=\"robots\" content=\"index, follow, max-snippet:-1, max-image-preview:large, max-video-preview:-1\" \/>\n<link rel=\"canonical\" href=\"https:\/\/verra-courbevoie.fr\/es\/\" \/>\n<meta property=\"og:locale\" content=\"es_ES\" \/>\n<meta property=\"og:type\" content=\"article\" \/>\n<meta property=\"og:title\" content=\"Page d&#039;Accueil - Verr\u00e4 | Bar-Lounge\" \/>\n<meta property=\"og:description\" content=\"Bienvenue chez Verr\u00e4 : un restaurant bar-lounge fran\u00e7ais moderne \u00e0 Courbevoie, offrant une cuisine maison, des cocktails cr\u00e9atifs et une ambiance chaleureuse.\" \/>\n<meta property=\"og:url\" content=\"https:\/\/verra-courbevoie.fr\/es\/\" \/>\n<meta property=\"og:site_name\" content=\"Verr\u00e4 | Bar-Lounge\" \/>\n<meta property=\"article:modified_time\" content=\"2026-04-20T11:14:59+00:00\" \/>\n<meta property=\"og:image\" content=\"https:\/\/verra-courbevoie.fr\/wp-content\/uploads\/2026\/04\/Salade-nordique-4-scaled.jpg\" \/>\n\t<meta property=\"og:image:width\" content=\"1707\" \/>\n\t<meta property=\"og:image:height\" content=\"2560\" \/>\n\t<meta property=\"og:image:type\" content=\"image\/jpeg\" \/>\n<meta name=\"twitter:card\" content=\"summary_large_image\" \/>\n<meta name=\"twitter:label1\" content=\"Tiempo de lectura\" \/>\n\t<meta name=\"twitter:data1\" content=\"2 minutos\" \/>\n<script type=\"application\/ld+json\" class=\"yoast-schema-graph\">{\"@context\":\"https:\/\/schema.org\",\"@graph\":[{\"@type\":\"WebPage\",\"@id\":\"https:\/\/verra-courbevoie.fr\/\",\"url\":\"https:\/\/verra-courbevoie.fr\/\",\"name\":\"Page d'Accueil - Verr\u00e4 | Bar-Lounge\",\"isPartOf\":{\"@id\":\"https:\/\/verra-courbevoie.fr\/#website\"},\"primaryImageOfPage\":{\"@id\":\"https:\/\/verra-courbevoie.fr\/#primaryimage\"},\"image\":{\"@id\":\"https:\/\/verra-courbevoie.fr\/#primaryimage\"},\"thumbnailUrl\":\"http:\/\/verra-courbevoie.fr\/wp-content\/uploads\/2026\/04\/Salade-nordique-4-550x825.jpg\",\"datePublished\":\"2022-08-16T11:53:16+00:00\",\"dateModified\":\"2026-04-20T11:14:59+00:00\",\"description\":\"Bienvenue chez Verr\u00e4 : un restaurant bar-lounge fran\u00e7ais moderne \u00e0 Courbevoie, offrant une cuisine maison, des cocktails cr\u00e9atifs et une ambiance chaleureuse.\",\"breadcrumb\":{\"@id\":\"https:\/\/verra-courbevoie.fr\/#breadcrumb\"},\"inLanguage\":\"es\",\"potentialAction\":[{\"@type\":\"ReadAction\",\"target\":[\"https:\/\/verra-courbevoie.fr\/\"]}]},{\"@type\":\"ImageObject\",\"inLanguage\":\"es\",\"@id\":\"https:\/\/verra-courbevoie.fr\/#primaryimage\",\"url\":\"http:\/\/verra-courbevoie.fr\/wp-content\/uploads\/2026\/04\/Salade-nordique-4-550x825.jpg\",\"contentUrl\":\"http:\/\/verra-courbevoie.fr\/wp-content\/uploads\/2026\/04\/Salade-nordique-4-550x825.jpg\"},{\"@type\":\"BreadcrumbList\",\"@id\":\"https:\/\/verra-courbevoie.fr\/#breadcrumb\",\"itemListElement\":[{\"@type\":\"ListItem\",\"position\":1,\"name\":\"Accueil\",\"item\":\"https:\/\/verra-courbevoie.fr\/\"},{\"@type\":\"ListItem\",\"position\":2,\"name\":\"Page d&rsquo;Accueil\"}]},{\"@type\":\"WebSite\",\"@id\":\"https:\/\/verra-courbevoie.fr\/#website\",\"url\":\"https:\/\/verra-courbevoie.fr\/\",\"name\":\"Verr\u00e4 | Restaurant| Lounge-Bar\",\"description\":\"\",\"publisher\":{\"@id\":\"https:\/\/verra-courbevoie.fr\/#organization\"},\"potentialAction\":[{\"@type\":\"SearchAction\",\"target\":{\"@type\":\"EntryPoint\",\"urlTemplate\":\"https:\/\/verra-courbevoie.fr\/?s={search_term_string}\"},\"query-input\":{\"@type\":\"PropertyValueSpecification\",\"valueRequired\":true,\"valueName\":\"search_term_string\"}}],\"inLanguage\":\"es\"},{\"@type\":\"Organization\",\"@id\":\"https:\/\/verra-courbevoie.fr\/#organization\",\"name\":\"Verr\u00e4\",\"url\":\"https:\/\/verra-courbevoie.fr\/\",\"logo\":{\"@type\":\"ImageObject\",\"inLanguage\":\"es\",\"@id\":\"https:\/\/verra-courbevoie.fr\/#\/schema\/logo\/image\/\",\"url\":\"https:\/\/verra-courbevoie.fr\/wp-content\/uploads\/2025\/04\/VERRA_LOGO_LOGOTYPE_COLOR_241218.svg\",\"contentUrl\":\"https:\/\/verra-courbevoie.fr\/wp-content\/uploads\/2025\/04\/VERRA_LOGO_LOGOTYPE_COLOR_241218.svg\",\"width\":262,\"height\":67,\"caption\":\"Verr\u00e4\"},\"image\":{\"@id\":\"https:\/\/verra-courbevoie.fr\/#\/schema\/logo\/image\/\"},\"sameAs\":[\"https:\/\/www.instagram.com\/verra.courbevoie\"]}]}<\/script>\n<!-- \/ Yoast SEO plugin. -->","yoast_head_json":{"title":"P\u00e1gina de inicio - Verr\u00e4 | Bar-Lounge","description":"Bienvenido a Verr\u00e4: un moderno bar-restaurante franc\u00e9s en Courbevoie, que ofrece cocina casera, c\u00f3cteles creativos y un ambiente c\u00e1lido.","robots":{"index":"index","follow":"follow","max-snippet":"max-snippet:-1","max-image-preview":"max-image-preview:large","max-video-preview":"max-video-preview:-1"},"canonical":"https:\/\/verra-courbevoie.fr\/es\/","og_locale":"es_ES","og_type":"article","og_title":"Page d'Accueil - Verr\u00e4 | Bar-Lounge","og_description":"Bienvenue chez Verr\u00e4 : un restaurant bar-lounge fran\u00e7ais moderne \u00e0 Courbevoie, offrant une cuisine maison, des cocktails cr\u00e9atifs et une ambiance chaleureuse.","og_url":"https:\/\/verra-courbevoie.fr\/es\/","og_site_name":"Verr\u00e4 | Bar-Lounge","article_modified_time":"2026-04-20T11:14:59+00:00","og_image":[{"width":1707,"height":2560,"url":"https:\/\/verra-courbevoie.fr\/wp-content\/uploads\/2026\/04\/Salade-nordique-4-scaled.jpg","type":"image\/jpeg"}],"twitter_card":"summary_large_image","twitter_misc":{"Tiempo de lectura":"2 minutos"},"schema":{"@context":"https:\/\/schema.org","@graph":[{"@type":"WebPage","@id":"https:\/\/verra-courbevoie.fr\/","url":"https:\/\/verra-courbevoie.fr\/","name":"P\u00e1gina de inicio - Verr\u00e4 | Bar-Lounge","isPartOf":{"@id":"https:\/\/verra-courbevoie.fr\/#website"},"primaryImageOfPage":{"@id":"https:\/\/verra-courbevoie.fr\/#primaryimage"},"image":{"@id":"https:\/\/verra-courbevoie.fr\/#primaryimage"},"thumbnailUrl":"http:\/\/verra-courbevoie.fr\/wp-content\/uploads\/2026\/04\/Salade-nordique-4-550x825.jpg","datePublished":"2022-08-16T11:53:16+00:00","dateModified":"2026-04-20T11:14:59+00:00","description":"Bienvenido a Verr\u00e4: un moderno bar-restaurante franc\u00e9s en Courbevoie, que ofrece cocina casera, c\u00f3cteles creativos y un ambiente c\u00e1lido.","breadcrumb":{"@id":"https:\/\/verra-courbevoie.fr\/#breadcrumb"},"inLanguage":"es","potentialAction":[{"@type":"ReadAction","target":["https:\/\/verra-courbevoie.fr\/"]}]},{"@type":"ImageObject","inLanguage":"es","@id":"https:\/\/verra-courbevoie.fr\/#primaryimage","url":"http:\/\/verra-courbevoie.fr\/wp-content\/uploads\/2026\/04\/Salade-nordique-4-550x825.jpg","contentUrl":"http:\/\/verra-courbevoie.fr\/wp-content\/uploads\/2026\/04\/Salade-nordique-4-550x825.jpg"},{"@type":"BreadcrumbList","@id":"https:\/\/verra-courbevoie.fr\/#breadcrumb","itemListElement":[{"@type":"ListItem","position":1,"name":"Accueil","item":"https:\/\/verra-courbevoie.fr\/"},{"@type":"ListItem","position":2,"name":"Page d&rsquo;Accueil"}]},{"@type":"WebSite","@id":"https:\/\/verra-courbevoie.fr\/#website","url":"https:\/\/verra-courbevoie.fr\/","name":"Verra | Restaurante | Sal\u00f3n-Bar","description":"","publisher":{"@id":"https:\/\/verra-courbevoie.fr\/#organization"},"potentialAction":[{"@type":"SearchAction","target":{"@type":"EntryPoint","urlTemplate":"https:\/\/verra-courbevoie.fr\/?s={search_term_string}"},"query-input":{"@type":"PropertyValueSpecification","valueRequired":true,"valueName":"search_term_string"}}],"inLanguage":"es"},{"@type":"Organization","@id":"https:\/\/verra-courbevoie.fr\/#organization","name":"Ver","url":"https:\/\/verra-courbevoie.fr\/","logo":{"@type":"ImageObject","inLanguage":"es","@id":"https:\/\/verra-courbevoie.fr\/#\/schema\/logo\/image\/","url":"https:\/\/verra-courbevoie.fr\/wp-content\/uploads\/2025\/04\/VERRA_LOGO_LOGOTYPE_COLOR_241218.svg","contentUrl":"https:\/\/verra-courbevoie.fr\/wp-content\/uploads\/2025\/04\/VERRA_LOGO_LOGOTYPE_COLOR_241218.svg","width":262,"height":67,"caption":"Verr\u00e4"},"image":{"@id":"https:\/\/verra-courbevoie.fr\/#\/schema\/logo\/image\/"},"sameAs":["https:\/\/www.instagram.com\/verra.courbevoie"]}]}},"_links":{"self":[{"href":"https:\/\/verra-courbevoie.fr\/es\/wp-json\/wp\/v2\/pages\/14","targetHints":{"allow":["GET"]}}],"collection":[{"href":"https:\/\/verra-courbevoie.fr\/es\/wp-json\/wp\/v2\/pages"}],"about":[{"href":"https:\/\/verra-courbevoie.fr\/es\/wp-json\/wp\/v2\/types\/page"}],"author":[{"embeddable":true,"href":"https:\/\/verra-courbevoie.fr\/es\/wp-json\/wp\/v2\/users\/1"}],"replies":[{"embeddable":true,"href":"https:\/\/verra-courbevoie.fr\/es\/wp-json\/wp\/v2\/comments?post=14"}],"version-history":[{"count":233,"href":"https:\/\/verra-courbevoie.fr\/es\/wp-json\/wp\/v2\/pages\/14\/revisions"}],"predecessor-version":[{"id":2868,"href":"https:\/\/verra-courbevoie.fr\/es\/wp-json\/wp\/v2\/pages\/14\/revisions\/2868"}],"wp:attachment":[{"href":"https:\/\/verra-courbevoie.fr\/es\/wp-json\/wp\/v2\/media?parent=14"}],"curies":[{"name":"wp","href":"https:\/\/api.w.org\/{rel}","templated":true}]}}