{"id":431,"date":"2022-09-20T10:09:35","date_gmt":"2022-09-20T10:09:35","guid":{"rendered":"https:\/\/patiotime.loftocean.com\/demo10\/?page_id=431"},"modified":"2026-04-20T11:18:08","modified_gmt":"2026-04-20T11:18:08","slug":"notre-histoire","status":"publish","type":"page","link":"https:\/\/verra-courbevoie.fr\/en\/notre-histoire\/","title":{"rendered":"Our History"},"content":{"rendered":"<div data-elementor-type=\"wp-page\" data-elementor-id=\"431\" class=\"elementor elementor-431\">\n\t\t\t\t\t\t<section class=\"elementor-section elementor-top-section elementor-element elementor-element-2904ca5 elementor-section-height-min-height pt-section-content-fullwidth pt-parallax-on-scroll pt_scroll_y_80 elementor-section-boxed elementor-section-height-default elementor-section-items-middle wpr-particle-no wpr-jarallax-no wpr-parallax-no wpr-sticky-section-no wpr-equal-height-no\" data-id=\"2904ca5\" data-element_type=\"section\" data-e-type=\"section\" data-settings=\"{&quot;background_background&quot;:&quot;classic&quot;}\" data-pt-parallax-y=\"80\" style=\"background-image: none;\" data-pt-background-image=\"http:\/\/verra-courbevoie.fr\/wp-content\/uploads\/2026\/04\/Salle-5-scaled.jpg\">\n\t\t\t\t\t\t\t<div class=\"elementor-background-overlay\"><\/div>\n\t\t\t\t\t\t\t<div class=\"elementor-container elementor-column-gap-no\">\n\t\t\t\t\t<div class=\"elementor-column elementor-col-100 elementor-top-column elementor-element elementor-element-2046e3d dark-color\" data-id=\"2046e3d\" data-element_type=\"column\" data-e-type=\"column\">\n\t\t\t<div class=\"elementor-widget-wrap elementor-element-populated\">\n\t\t\t\t\t\t<div class=\"elementor-element elementor-element-b0d3f28 elementor-widget elementor-widget-pt_title\" data-id=\"b0d3f28\" data-element_type=\"widget\" data-e-type=\"widget\" data-widget_type=\"pt_title.default\">\n\t\t\t\t<div class=\"elementor-widget-container\">\n\t\t\t\t\t\n        <div class=\"pt-title-wrap text-center\">\t            <div class=\"pt-subtitle-wrap\"><span class=\"pt-subtitle color-white\">Renaissance<\/span><\/div>\t            <h1 class=\"pt-title\">\n\t                Our History\t            <\/h1>        <\/div>\t\t\t\t<\/div>\n\t\t\t\t<\/div>\n\t\t\t\t\t<\/div>\n\t\t<\/div>\n\t\t\t\t\t<\/div>\n\t\t<\/section>\n\t\t\t\t<section class=\"elementor-section elementor-top-section elementor-element elementor-element-6f04e85 elementor-section-boxed elementor-section-height-default elementor-section-height-default wpr-particle-no wpr-jarallax-no wpr-parallax-no wpr-sticky-section-no wpr-equal-height-no\" data-id=\"6f04e85\" data-element_type=\"section\" data-e-type=\"section\">\n\t\t\t\t\t\t<div class=\"elementor-container elementor-column-gap-no\">\n\t\t\t\t\t<div class=\"elementor-column elementor-col-100 elementor-top-column elementor-element elementor-element-ba1deed\" data-id=\"ba1deed\" data-element_type=\"column\" data-e-type=\"column\">\n\t\t\t<div class=\"elementor-widget-wrap elementor-element-populated\">\n\t\t\t\t\t\t<div class=\"elementor-element elementor-element-f15cc53 elementor-widget elementor-widget-pt_title\" data-id=\"f15cc53\" data-element_type=\"widget\" data-e-type=\"widget\" data-widget_type=\"pt_title.default\">\n\t\t\t\t<div class=\"elementor-widget-container\">\n\t\t\t\t\t\n        <div class=\"pt-title-wrap text-center\">\t            <div class=\"pt-subtitle-wrap\"><span class=\"pt-subtitle\">More than a name change<\/span><\/div>\t            <h2 class=\"pt-title color-white\">\n\t                Verr\u00e4, a Renaissance\t            <\/h2>\t            <div class=\"pt-title-text\">\n\t                <p class=\"\" data-start=\"1288\" data-end=\"1524\">Verr\u00e4 was born from a desire: to rethink the place, the menu and the customer experience.<br data-start=\"1365\" data-end=\"1368\" \/>Formerly a neighborhood brasserie, the restaurant has changed its name, management and ambition.<\/p>\t            <\/div>        <\/div>\t\t\t\t<\/div>\n\t\t\t\t<\/div>\n\t\t\t\t\t<\/div>\n\t\t<\/div>\n\t\t\t\t\t<\/div>\n\t\t<\/section>\n\t\t\t\t<section class=\"elementor-section elementor-top-section elementor-element elementor-element-1ba957e elementor-section-full_width elementor-section-height-default elementor-section-height-default wpr-particle-no wpr-jarallax-no wpr-parallax-no wpr-sticky-section-no wpr-equal-height-no\" data-id=\"1ba957e\" data-element_type=\"section\" data-e-type=\"section\">\n\t\t\t\t\t\t<div class=\"elementor-container elementor-column-gap-no\">\n\t\t\t\t\t<div class=\"elementor-column elementor-col-100 elementor-top-column elementor-element elementor-element-9dc08e4\" data-id=\"9dc08e4\" data-element_type=\"column\" data-e-type=\"column\">\n\t\t\t<div class=\"elementor-widget-wrap elementor-element-populated\">\n\t\t\t\t\t\t<div class=\"elementor-element elementor-element-1e96de5 elementor-widget elementor-widget-pt_instagram\" data-id=\"1e96de5\" data-element_type=\"widget\" data-e-type=\"widget\" data-widget_type=\"pt_instagram.default\">\n\t\t\t\t<div class=\"elementor-widget-container\">\n\t\t\t\t\t\n        <div class=\"pt-instagram column-mosaic mosaic-2 small-gap\">\t                <ul>\t                        <li><div class=\"feed-bg\" style=\"background-image:url(https:\/\/verra-courbevoie.fr\/wp-content\/uploads\/2026\/04\/Vitello-tonato-3-1200x800.jpg);\"><\/div><\/li>\t                        <li><div class=\"feed-bg\" style=\"background-image:url(https:\/\/verra-courbevoie.fr\/wp-content\/uploads\/2026\/04\/Salade-cesar-3-1200x1800.jpg);\"><\/div><\/li>\t                        <li><div class=\"feed-bg\" style=\"background-image:url(https:\/\/verra-courbevoie.fr\/wp-content\/uploads\/2026\/04\/Salle-4-1200x800.jpg);\"><\/div><\/li>\t                        <li><div class=\"feed-bg\" style=\"background-image:url(https:\/\/verra-courbevoie.fr\/wp-content\/uploads\/2026\/04\/ILE-FLOTTANTE-XXL-2-1200x1598.jpg);\"><\/div><\/li>\t                        <li><div class=\"feed-bg\" style=\"background-image:url(https:\/\/verra-courbevoie.fr\/wp-content\/uploads\/2026\/04\/Bar-1200x1800.jpg);\"><\/div><\/li>\t                        <li><div class=\"feed-bg\" style=\"background-image:url(https:\/\/verra-courbevoie.fr\/wp-content\/uploads\/2026\/02\/ENDIVE-BRAISEE-AU-CIDRE-1-1200x1598.jpg);\"><\/div><\/li>\t                        <li><div class=\"feed-bg\" style=\"background-image:url(https:\/\/verra-courbevoie.fr\/wp-content\/uploads\/2026\/04\/Le-brioche-veggie-2-1200x1800.jpg);\"><\/div><\/li>\t                <\/ul>        <\/div>\t\t\t\t<\/div>\n\t\t\t\t<\/div>\n\t\t\t\t\t<\/div>\n\t\t<\/div>\n\t\t\t\t\t<\/div>\n\t\t<\/section>\n\t\t\t\t<section class=\"elementor-section elementor-top-section elementor-element elementor-element-272561a5 elementor-section-content-middle elementor-section-boxed elementor-section-height-default elementor-section-height-default wpr-particle-no wpr-jarallax-no wpr-parallax-no wpr-sticky-section-no wpr-equal-height-no\" data-id=\"272561a5\" data-element_type=\"section\" data-e-type=\"section\" data-settings=\"{&quot;background_background&quot;:&quot;classic&quot;}\">\n\t\t\t\t\t\t<div class=\"elementor-container elementor-column-gap-no\">\n\t\t\t\t\t<div class=\"elementor-column elementor-col-33 elementor-top-column elementor-element elementor-element-6f96c72d\" data-id=\"6f96c72d\" data-element_type=\"column\" data-e-type=\"column\">\n\t\t\t<div class=\"elementor-widget-wrap elementor-element-populated\">\n\t\t\t\t\t\t<div class=\"elementor-element elementor-element-3a8fe148 elementor-widget elementor-widget-image\" data-id=\"3a8fe148\" data-element_type=\"widget\" data-e-type=\"widget\" data-widget_type=\"image.default\">\n\t\t\t\t<div class=\"elementor-widget-container\">\n\t\t\t\t\t\t\t\t\t\t\t\t\t\t\t<img fetchpriority=\"high\" decoding=\"async\" width=\"550\" height=\"733\" src=\"https:\/\/verra-courbevoie.fr\/wp-content\/uploads\/2026\/04\/PRESSE-DE-BOEUF-AUX-CAROTTES-1-550x733.jpg\" class=\"attachment-patiotime_550x9999 size-patiotime_550x9999 wp-image-2849\" alt=\"\" srcset=\"https:\/\/verra-courbevoie.fr\/wp-content\/uploads\/2026\/04\/PRESSE-DE-BOEUF-AUX-CAROTTES-1-550x733.jpg 550w, https:\/\/verra-courbevoie.fr\/wp-content\/uploads\/2026\/04\/PRESSE-DE-BOEUF-AUX-CAROTTES-1-225x300.jpg 225w, https:\/\/verra-courbevoie.fr\/wp-content\/uploads\/2026\/04\/PRESSE-DE-BOEUF-AUX-CAROTTES-1-769x1024.jpg 769w, https:\/\/verra-courbevoie.fr\/wp-content\/uploads\/2026\/04\/PRESSE-DE-BOEUF-AUX-CAROTTES-1-768x1023.jpg 768w, https:\/\/verra-courbevoie.fr\/wp-content\/uploads\/2026\/04\/PRESSE-DE-BOEUF-AUX-CAROTTES-1-1153x1536.jpg 1153w, https:\/\/verra-courbevoie.fr\/wp-content\/uploads\/2026\/04\/PRESSE-DE-BOEUF-AUX-CAROTTES-1-1538x2048.jpg 1538w, https:\/\/verra-courbevoie.fr\/wp-content\/uploads\/2026\/04\/PRESSE-DE-BOEUF-AUX-CAROTTES-1-9x12.jpg 9w, https:\/\/verra-courbevoie.fr\/wp-content\/uploads\/2026\/04\/PRESSE-DE-BOEUF-AUX-CAROTTES-1-1920x2557.jpg 1920w, https:\/\/verra-courbevoie.fr\/wp-content\/uploads\/2026\/04\/PRESSE-DE-BOEUF-AUX-CAROTTES-1-1440x1918.jpg 1440w, https:\/\/verra-courbevoie.fr\/wp-content\/uploads\/2026\/04\/PRESSE-DE-BOEUF-AUX-CAROTTES-1-1200x1598.jpg 1200w, https:\/\/verra-courbevoie.fr\/wp-content\/uploads\/2026\/04\/PRESSE-DE-BOEUF-AUX-CAROTTES-1-780x1039.jpg 780w, https:\/\/verra-courbevoie.fr\/wp-content\/uploads\/2026\/04\/PRESSE-DE-BOEUF-AUX-CAROTTES-1-600x799.jpg 600w, https:\/\/verra-courbevoie.fr\/wp-content\/uploads\/2026\/04\/PRESSE-DE-BOEUF-AUX-CAROTTES-1-370x493.jpg 370w, https:\/\/verra-courbevoie.fr\/wp-content\/uploads\/2026\/04\/PRESSE-DE-BOEUF-AUX-CAROTTES-1-255x340.jpg 255w, https:\/\/verra-courbevoie.fr\/wp-content\/uploads\/2026\/04\/PRESSE-DE-BOEUF-AUX-CAROTTES-1-scaled.jpg 1922w\" sizes=\"(max-width: 550px) 100vw, 550px\" \/>\t\t\t\t\t\t\t\t\t\t\t\t\t\t\t<\/div>\n\t\t\t\t<\/div>\n\t\t\t\t\t<\/div>\n\t\t<\/div>\n\t\t\t\t<div class=\"elementor-column elementor-col-33 elementor-top-column elementor-element elementor-element-471f641c\" data-id=\"471f641c\" data-element_type=\"column\" data-e-type=\"column\">\n\t\t\t<div class=\"elementor-widget-wrap elementor-element-populated\">\n\t\t\t\t\t\t<div class=\"elementor-element elementor-element-ebbcca8 elementor-widget elementor-widget-pt_title\" data-id=\"ebbcca8\" data-element_type=\"widget\" data-e-type=\"widget\" data-widget_type=\"pt_title.default\">\n\t\t\t\t<div class=\"elementor-widget-container\">\n\t\t\t\t\t\n        <div class=\"pt-title-wrap text-center\">\t            <div class=\"pt-subtitle-wrap\"><span class=\"pt-subtitle\">In the Heart of the Kitchen<\/span><\/div>\t            <h2 class=\"pt-title color-white\">\n\t                Passion &amp; Respect\t            <\/h2>\t            <div class=\"pt-title-text\">\n\t                <p>Cooking is first and foremost a question of respect: for the product, the craft, and the people we serve. Every dish that comes out of my kitchen must be fair, honest, and made with rigor... and always with heart and passion.<\/p>\t            <\/div>        <\/div>\t\t\t\t<\/div>\n\t\t\t\t<\/div>\n\t\t\t\t<div class=\"elementor-element elementor-element-25148d87 elementor-widget elementor-widget-image\" data-id=\"25148d87\" data-element_type=\"widget\" data-e-type=\"widget\" data-widget_type=\"image.default\">\n\t\t\t\t<div class=\"elementor-widget-container\">\n\t\t\t\t\t\t\t\t\t\t\t\t\t\t\t<img decoding=\"async\" width=\"255\" height=\"51\" src=\"https:\/\/verra-courbevoie.fr\/wp-content\/uploads\/2025\/04\/VERRA_ChefCuisinier_Gregory_Guilbault_250403-255x51.png\" class=\"attachment-patiotime_255x9999 size-patiotime_255x9999 wp-image-1673\" alt=\"Verra Chef Cuisinier Gregory Guilbault Signature\" srcset=\"https:\/\/verra-courbevoie.fr\/wp-content\/uploads\/2025\/04\/VERRA_ChefCuisinier_Gregory_Guilbault_250403-255x51.png 255w, https:\/\/verra-courbevoie.fr\/wp-content\/uploads\/2025\/04\/VERRA_ChefCuisinier_Gregory_Guilbault_250403-300x60.png 300w, https:\/\/verra-courbevoie.fr\/wp-content\/uploads\/2025\/04\/VERRA_ChefCuisinier_Gregory_Guilbault_250403-1024x205.png 1024w, https:\/\/verra-courbevoie.fr\/wp-content\/uploads\/2025\/04\/VERRA_ChefCuisinier_Gregory_Guilbault_250403-768x154.png 768w, https:\/\/verra-courbevoie.fr\/wp-content\/uploads\/2025\/04\/VERRA_ChefCuisinier_Gregory_Guilbault_250403-1536x307.png 1536w, https:\/\/verra-courbevoie.fr\/wp-content\/uploads\/2025\/04\/VERRA_ChefCuisinier_Gregory_Guilbault_250403-1440x288.png 1440w, https:\/\/verra-courbevoie.fr\/wp-content\/uploads\/2025\/04\/VERRA_ChefCuisinier_Gregory_Guilbault_250403-1200x240.png 1200w, https:\/\/verra-courbevoie.fr\/wp-content\/uploads\/2025\/04\/VERRA_ChefCuisinier_Gregory_Guilbault_250403-780x156.png 780w, https:\/\/verra-courbevoie.fr\/wp-content\/uploads\/2025\/04\/VERRA_ChefCuisinier_Gregory_Guilbault_250403-600x120.png 600w, https:\/\/verra-courbevoie.fr\/wp-content\/uploads\/2025\/04\/VERRA_ChefCuisinier_Gregory_Guilbault_250403-550x110.png 550w, https:\/\/verra-courbevoie.fr\/wp-content\/uploads\/2025\/04\/VERRA_ChefCuisinier_Gregory_Guilbault_250403-370x74.png 370w, https:\/\/verra-courbevoie.fr\/wp-content\/uploads\/2025\/04\/VERRA_ChefCuisinier_Gregory_Guilbault_250403.png 1770w\" sizes=\"(max-width: 255px) 100vw, 255px\" \/>\t\t\t\t\t\t\t\t\t\t\t\t\t\t\t<\/div>\n\t\t\t\t<\/div>\n\t\t\t\t<div class=\"elementor-element elementor-element-89cda87 elementor-widget elementor-widget-heading\" data-id=\"89cda87\" data-element_type=\"widget\" data-e-type=\"widget\" data-widget_type=\"heading.default\">\n\t\t\t\t<div class=\"elementor-widget-container\">\n\t\t\t\t\t<span class=\"elementor-heading-title elementor-size-default\">Chef<\/span>\t\t\t\t<\/div>\n\t\t\t\t<\/div>\n\t\t\t\t\t<\/div>\n\t\t<\/div>\n\t\t\t\t<div class=\"elementor-column elementor-col-33 elementor-top-column elementor-element elementor-element-7bd0cef2\" data-id=\"7bd0cef2\" data-element_type=\"column\" data-e-type=\"column\">\n\t\t\t<div class=\"elementor-widget-wrap elementor-element-populated\">\n\t\t\t\t\t\t<div class=\"elementor-element elementor-element-bd8c7d4 elementor-widget elementor-widget-image\" data-id=\"bd8c7d4\" data-element_type=\"widget\" data-e-type=\"widget\" data-widget_type=\"image.default\">\n\t\t\t\t<div class=\"elementor-widget-container\">\n\t\t\t\t\t\t\t\t\t\t\t\t\t\t\t<img decoding=\"async\" width=\"550\" height=\"733\" src=\"https:\/\/verra-courbevoie.fr\/wp-content\/uploads\/2026\/02\/CREME-BRULEE-MAISON-1-1-550x733.jpg\" class=\"attachment-patiotime_550x9999 size-patiotime_550x9999 wp-image-2546\" alt=\"\" srcset=\"https:\/\/verra-courbevoie.fr\/wp-content\/uploads\/2026\/02\/CREME-BRULEE-MAISON-1-1-550x733.jpg 550w, https:\/\/verra-courbevoie.fr\/wp-content\/uploads\/2026\/02\/CREME-BRULEE-MAISON-1-1-225x300.jpg 225w, https:\/\/verra-courbevoie.fr\/wp-content\/uploads\/2026\/02\/CREME-BRULEE-MAISON-1-1-769x1024.jpg 769w, https:\/\/verra-courbevoie.fr\/wp-content\/uploads\/2026\/02\/CREME-BRULEE-MAISON-1-1-768x1023.jpg 768w, https:\/\/verra-courbevoie.fr\/wp-content\/uploads\/2026\/02\/CREME-BRULEE-MAISON-1-1-1153x1536.jpg 1153w, https:\/\/verra-courbevoie.fr\/wp-content\/uploads\/2026\/02\/CREME-BRULEE-MAISON-1-1-1538x2048.jpg 1538w, https:\/\/verra-courbevoie.fr\/wp-content\/uploads\/2026\/02\/CREME-BRULEE-MAISON-1-1-9x12.jpg 9w, https:\/\/verra-courbevoie.fr\/wp-content\/uploads\/2026\/02\/CREME-BRULEE-MAISON-1-1-1920x2557.jpg 1920w, https:\/\/verra-courbevoie.fr\/wp-content\/uploads\/2026\/02\/CREME-BRULEE-MAISON-1-1-1440x1918.jpg 1440w, https:\/\/verra-courbevoie.fr\/wp-content\/uploads\/2026\/02\/CREME-BRULEE-MAISON-1-1-1200x1598.jpg 1200w, https:\/\/verra-courbevoie.fr\/wp-content\/uploads\/2026\/02\/CREME-BRULEE-MAISON-1-1-780x1039.jpg 780w, https:\/\/verra-courbevoie.fr\/wp-content\/uploads\/2026\/02\/CREME-BRULEE-MAISON-1-1-600x799.jpg 600w, https:\/\/verra-courbevoie.fr\/wp-content\/uploads\/2026\/02\/CREME-BRULEE-MAISON-1-1-370x493.jpg 370w, https:\/\/verra-courbevoie.fr\/wp-content\/uploads\/2026\/02\/CREME-BRULEE-MAISON-1-1-255x340.jpg 255w, https:\/\/verra-courbevoie.fr\/wp-content\/uploads\/2026\/02\/CREME-BRULEE-MAISON-1-1-scaled.jpg 1922w\" sizes=\"(max-width: 550px) 100vw, 550px\" \/>\t\t\t\t\t\t\t\t\t\t\t\t\t\t\t<\/div>\n\t\t\t\t<\/div>\n\t\t\t\t\t<\/div>\n\t\t<\/div>\n\t\t\t\t\t<\/div>\n\t\t<\/section>\n\t\t\t\t<section class=\"elementor-section elementor-top-section elementor-element elementor-element-3862e72 elementor-section-boxed elementor-section-height-default elementor-section-height-default wpr-particle-no wpr-jarallax-no wpr-parallax-no wpr-sticky-section-no wpr-equal-height-no\" data-id=\"3862e72\" data-element_type=\"section\" data-e-type=\"section\" data-settings=\"{&quot;background_background&quot;:&quot;classic&quot;}\">\n\t\t\t\t\t\t<div class=\"elementor-container elementor-column-gap-no\">\n\t\t\t\t\t<div class=\"elementor-column elementor-col-50 elementor-top-column elementor-element elementor-element-cd83070\" data-id=\"cd83070\" data-element_type=\"column\" data-e-type=\"column\">\n\t\t\t<div class=\"elementor-widget-wrap elementor-element-populated\">\n\t\t\t\t\t\t<section class=\"elementor-section elementor-inner-section elementor-element elementor-element-4f11917 elementor-section-content-middle elementor-section-boxed elementor-section-height-default elementor-section-height-default wpr-particle-no wpr-jarallax-no wpr-parallax-no wpr-sticky-section-no wpr-equal-height-no\" data-id=\"4f11917\" data-element_type=\"section\" data-e-type=\"section\">\n\t\t\t\t\t\t<div class=\"elementor-container elementor-column-gap-no\">\n\t\t\t\t\t<div class=\"elementor-column elementor-col-50 elementor-inner-column elementor-element elementor-element-86d0f40\" data-id=\"86d0f40\" data-element_type=\"column\" data-e-type=\"column\" data-settings=\"{&quot;background_background&quot;:&quot;classic&quot;}\">\n\t\t\t<div class=\"elementor-widget-wrap elementor-element-populated\">\n\t\t\t\t\t\t<div class=\"elementor-element elementor-element-814e189 elementor-widget elementor-widget-image\" data-id=\"814e189\" data-element_type=\"widget\" data-e-type=\"widget\" data-widget_type=\"image.default\">\n\t\t\t\t<div class=\"elementor-widget-container\">\n\t\t\t\t\t\t\t\t\t\t\t\t\t\t\t<img loading=\"lazy\" decoding=\"async\" width=\"370\" height=\"493\" src=\"https:\/\/verra-courbevoie.fr\/wp-content\/uploads\/2026\/02\/EFFILOCHE-DAGNEAU-DE-7H-AU-SATAY-1-1-370x493.jpg\" class=\"attachment-patiotime_370x9999 size-patiotime_370x9999 wp-image-2527\" alt=\"\" srcset=\"https:\/\/verra-courbevoie.fr\/wp-content\/uploads\/2026\/02\/EFFILOCHE-DAGNEAU-DE-7H-AU-SATAY-1-1-370x493.jpg 370w, https:\/\/verra-courbevoie.fr\/wp-content\/uploads\/2026\/02\/EFFILOCHE-DAGNEAU-DE-7H-AU-SATAY-1-1-225x300.jpg 225w, https:\/\/verra-courbevoie.fr\/wp-content\/uploads\/2026\/02\/EFFILOCHE-DAGNEAU-DE-7H-AU-SATAY-1-1-769x1024.jpg 769w, https:\/\/verra-courbevoie.fr\/wp-content\/uploads\/2026\/02\/EFFILOCHE-DAGNEAU-DE-7H-AU-SATAY-1-1-768x1023.jpg 768w, https:\/\/verra-courbevoie.fr\/wp-content\/uploads\/2026\/02\/EFFILOCHE-DAGNEAU-DE-7H-AU-SATAY-1-1-1153x1536.jpg 1153w, https:\/\/verra-courbevoie.fr\/wp-content\/uploads\/2026\/02\/EFFILOCHE-DAGNEAU-DE-7H-AU-SATAY-1-1-9x12.jpg 9w, https:\/\/verra-courbevoie.fr\/wp-content\/uploads\/2026\/02\/EFFILOCHE-DAGNEAU-DE-7H-AU-SATAY-1-1-1200x1598.jpg 1200w, https:\/\/verra-courbevoie.fr\/wp-content\/uploads\/2026\/02\/EFFILOCHE-DAGNEAU-DE-7H-AU-SATAY-1-1-780x1039.jpg 780w, https:\/\/verra-courbevoie.fr\/wp-content\/uploads\/2026\/02\/EFFILOCHE-DAGNEAU-DE-7H-AU-SATAY-1-1-600x799.jpg 600w, https:\/\/verra-courbevoie.fr\/wp-content\/uploads\/2026\/02\/EFFILOCHE-DAGNEAU-DE-7H-AU-SATAY-1-1-550x733.jpg 550w, https:\/\/verra-courbevoie.fr\/wp-content\/uploads\/2026\/02\/EFFILOCHE-DAGNEAU-DE-7H-AU-SATAY-1-1-255x340.jpg 255w, https:\/\/verra-courbevoie.fr\/wp-content\/uploads\/2026\/02\/EFFILOCHE-DAGNEAU-DE-7H-AU-SATAY-1-1.jpg 1202w\" sizes=\"(max-width: 370px) 100vw, 370px\" \/>\t\t\t\t\t\t\t\t\t\t\t\t\t\t\t<\/div>\n\t\t\t\t<\/div>\n\t\t\t\t\t<\/div>\n\t\t<\/div>\n\t\t\t\t<div class=\"elementor-column elementor-col-50 elementor-inner-column elementor-element elementor-element-e73acbc\" data-id=\"e73acbc\" data-element_type=\"column\" data-e-type=\"column\">\n\t\t\t<div class=\"elementor-widget-wrap elementor-element-populated\">\n\t\t\t\t\t\t<div class=\"elementor-element elementor-element-43d4504 elementor-hidden-mobile elementor-widget elementor-widget-image\" data-id=\"43d4504\" data-element_type=\"widget\" data-e-type=\"widget\" data-widget_type=\"image.default\">\n\t\t\t\t<div class=\"elementor-widget-container\">\n\t\t\t\t\t\t\t\t\t\t\t\t\t\t\t<img loading=\"lazy\" decoding=\"async\" width=\"370\" height=\"493\" src=\"https:\/\/verra-courbevoie.fr\/wp-content\/uploads\/2026\/02\/POT-AU-FEU-MAISON-2-370x493.jpg\" class=\"attachment-patiotime_370x9999 size-patiotime_370x9999 wp-image-2524\" alt=\"\" srcset=\"https:\/\/verra-courbevoie.fr\/wp-content\/uploads\/2026\/02\/POT-AU-FEU-MAISON-2-370x493.jpg 370w, https:\/\/verra-courbevoie.fr\/wp-content\/uploads\/2026\/02\/POT-AU-FEU-MAISON-2-225x300.jpg 225w, https:\/\/verra-courbevoie.fr\/wp-content\/uploads\/2026\/02\/POT-AU-FEU-MAISON-2-769x1024.jpg 769w, https:\/\/verra-courbevoie.fr\/wp-content\/uploads\/2026\/02\/POT-AU-FEU-MAISON-2-768x1023.jpg 768w, https:\/\/verra-courbevoie.fr\/wp-content\/uploads\/2026\/02\/POT-AU-FEU-MAISON-2-1154x1536.jpg 1154w, https:\/\/verra-courbevoie.fr\/wp-content\/uploads\/2026\/02\/POT-AU-FEU-MAISON-2-1538x2048.jpg 1538w, https:\/\/verra-courbevoie.fr\/wp-content\/uploads\/2026\/02\/POT-AU-FEU-MAISON-2-9x12.jpg 9w, https:\/\/verra-courbevoie.fr\/wp-content\/uploads\/2026\/02\/POT-AU-FEU-MAISON-2-1920x2557.jpg 1920w, https:\/\/verra-courbevoie.fr\/wp-content\/uploads\/2026\/02\/POT-AU-FEU-MAISON-2-1440x1917.jpg 1440w, https:\/\/verra-courbevoie.fr\/wp-content\/uploads\/2026\/02\/POT-AU-FEU-MAISON-2-1200x1598.jpg 1200w, https:\/\/verra-courbevoie.fr\/wp-content\/uploads\/2026\/02\/POT-AU-FEU-MAISON-2-780x1039.jpg 780w, https:\/\/verra-courbevoie.fr\/wp-content\/uploads\/2026\/02\/POT-AU-FEU-MAISON-2-600x799.jpg 600w, https:\/\/verra-courbevoie.fr\/wp-content\/uploads\/2026\/02\/POT-AU-FEU-MAISON-2-550x732.jpg 550w, https:\/\/verra-courbevoie.fr\/wp-content\/uploads\/2026\/02\/POT-AU-FEU-MAISON-2-255x340.jpg 255w, https:\/\/verra-courbevoie.fr\/wp-content\/uploads\/2026\/02\/POT-AU-FEU-MAISON-2-scaled.jpg 1923w\" sizes=\"(max-width: 370px) 100vw, 370px\" \/>\t\t\t\t\t\t\t\t\t\t\t\t\t\t\t<\/div>\n\t\t\t\t<\/div>\n\t\t\t\t\t<\/div>\n\t\t<\/div>\n\t\t\t\t\t<\/div>\n\t\t<\/section>\n\t\t\t\t\t<\/div>\n\t\t<\/div>\n\t\t\t\t<div class=\"elementor-column elementor-col-50 elementor-top-column elementor-element elementor-element-b2202c2\" data-id=\"b2202c2\" data-element_type=\"column\" data-e-type=\"column\">\n\t\t\t<div class=\"elementor-widget-wrap elementor-element-populated\">\n\t\t\t\t\t\t<div class=\"elementor-element elementor-element-8d8ff8f elementor-widget elementor-widget-pt_title\" data-id=\"8d8ff8f\" data-element_type=\"widget\" data-e-type=\"widget\" data-widget_type=\"pt_title.default\">\n\t\t\t\t<div class=\"elementor-widget-container\">\n\t\t\t\t\t\n        <div class=\"pt-title-wrap\">\t            <div class=\"pt-subtitle-wrap\"><span class=\"pt-subtitle\">Refined art<\/span><\/div>\t            <h5 class=\"pt-title color-white\">\n\t                Kitchen &amp; Bar\t            <\/h5>\t            <div class=\"pt-title-text\">\n\t                <p>Our cuisine, inspired by French tradition, focuses on the subtlety of flavors and meticulous presentation. We showcase carefully selected products, such as the <strong>Christian Parra&#039;s black pudding<\/strong>, Meilleur Ouvrier de France, which has become a signature of our menu.<\/p><p>On the bar side, we incorporate the art of mixology with creative inventions, such as our <strong>Verr\u00e4 signature cocktail<\/strong> which is a sweet and intoxicating alternative to the Pi\u00f1a Colada.<\/p>\t            <\/div>        <\/div>\t\t\t\t<\/div>\n\t\t\t\t<\/div>\n\t\t\t\t\t<\/div>\n\t\t<\/div>\n\t\t\t\t\t<\/div>\n\t\t<\/section>\n\t\t\t\t<section class=\"elementor-section elementor-top-section elementor-element elementor-element-ffaf2da elementor-reverse-tablet elementor-reverse-mobile elementor-section-height-min-height elementor-section-content-middle elementor-section-boxed elementor-section-height-default elementor-section-items-middle wpr-particle-no wpr-jarallax-no wpr-parallax-no wpr-sticky-section-no wpr-equal-height-no\" data-id=\"ffaf2da\" data-element_type=\"section\" data-e-type=\"section\" data-settings=\"{&quot;background_background&quot;:&quot;classic&quot;}\">\n\t\t\t\t\t\t<div class=\"elementor-container elementor-column-gap-no\">\n\t\t\t\t\t<div class=\"elementor-column elementor-col-50 elementor-top-column elementor-element elementor-element-046d767\" data-id=\"046d767\" data-element_type=\"column\" data-e-type=\"column\">\n\t\t\t<div class=\"elementor-widget-wrap elementor-element-populated\">\n\t\t\t\t\t\t<div class=\"elementor-element elementor-element-43b10f7 elementor-widget elementor-widget-pt_title\" data-id=\"43b10f7\" data-element_type=\"widget\" data-e-type=\"widget\" data-widget_type=\"pt_title.default\">\n\t\t\t\t<div class=\"elementor-widget-container\">\n\t\t\t\t\t\n        <div class=\"pt-title-wrap text-right text-left-tablet\">\t            <h5 class=\"pt-title\">\n\t                Unparalleled comfort \t            <\/h5>\t            <div class=\"pt-title-text\">\n\t                <p>It is in a space with warm and elegant decor that Verr\u00e4 welcomes you to enjoy the experience in the best conditions.<\/p><p>Discover a place that changes throughout the day.<br \/>At lunchtime, Verr\u00e4 is the haunt of executives looking for a refined break away from the hustle and bustle.<br \/>As evening falls, the restaurant transforms; the lights come on in the night, adding that incomparable touch of magic to your evening. A wonderful place for conversation and sharing comes alive around a gourmet platter and a few drinks.<\/p>\t            <\/div>        <\/div>\t\t\t\t<\/div>\n\t\t\t\t<\/div>\n\t\t\t\t\t<\/div>\n\t\t<\/div>\n\t\t\t\t<div class=\"elementor-column elementor-col-50 elementor-top-column elementor-element elementor-element-356fece\" data-id=\"356fece\" data-element_type=\"column\" data-e-type=\"column\">\n\t\t\t<div class=\"elementor-widget-wrap elementor-element-populated\">\n\t\t\t\t\t\t<div class=\"elementor-element elementor-element-9fef87d elementor-widget elementor-widget-pt_gallery\" data-id=\"9fef87d\" data-element_type=\"widget\" data-e-type=\"widget\" data-widget_type=\"pt_gallery.default\">\n\t\t\t\t<div class=\"elementor-widget-container\">\n\t\t\t\t\t\n            <div class=\"pt-gallery gap-5 gallery-carousel align-middle-v\" data-column=\"2\" data-fade=\"\" data-autoplay=\"off\" data-autoplay-speed=\"5000\" data-show-arrows=\"on\" data-show-dots=\"on\">\n                <div class=\"pt-gallery-wrap\">                    <div class=\"pt-gallery-item\"><img loading=\"lazy\" decoding=\"async\" width=\"370\" height=\"493\" src=\"https:\/\/verra-courbevoie.fr\/wp-content\/uploads\/2026\/02\/DECOR-BANQUETTE-1-370x493.jpg\" class=\"attachment-patiotime_370x9999 size-patiotime_370x9999 wp-image-2635\" alt=\"\" srcset=\"https:\/\/verra-courbevoie.fr\/wp-content\/uploads\/2026\/02\/DECOR-BANQUETTE-1-370x493.jpg 370w, https:\/\/verra-courbevoie.fr\/wp-content\/uploads\/2026\/02\/DECOR-BANQUETTE-1-225x300.jpg 225w, https:\/\/verra-courbevoie.fr\/wp-content\/uploads\/2026\/02\/DECOR-BANQUETTE-1-769x1024.jpg 769w, https:\/\/verra-courbevoie.fr\/wp-content\/uploads\/2026\/02\/DECOR-BANQUETTE-1-768x1023.jpg 768w, https:\/\/verra-courbevoie.fr\/wp-content\/uploads\/2026\/02\/DECOR-BANQUETTE-1-1153x1536.jpg 1153w, https:\/\/verra-courbevoie.fr\/wp-content\/uploads\/2026\/02\/DECOR-BANQUETTE-1-1538x2048.jpg 1538w, https:\/\/verra-courbevoie.fr\/wp-content\/uploads\/2026\/02\/DECOR-BANQUETTE-1-9x12.jpg 9w, https:\/\/verra-courbevoie.fr\/wp-content\/uploads\/2026\/02\/DECOR-BANQUETTE-1-1920x2557.jpg 1920w, https:\/\/verra-courbevoie.fr\/wp-content\/uploads\/2026\/02\/DECOR-BANQUETTE-1-1440x1918.jpg 1440w, https:\/\/verra-courbevoie.fr\/wp-content\/uploads\/2026\/02\/DECOR-BANQUETTE-1-1200x1598.jpg 1200w, https:\/\/verra-courbevoie.fr\/wp-content\/uploads\/2026\/02\/DECOR-BANQUETTE-1-780x1039.jpg 780w, https:\/\/verra-courbevoie.fr\/wp-content\/uploads\/2026\/02\/DECOR-BANQUETTE-1-600x799.jpg 600w, https:\/\/verra-courbevoie.fr\/wp-content\/uploads\/2026\/02\/DECOR-BANQUETTE-1-550x732.jpg 550w, https:\/\/verra-courbevoie.fr\/wp-content\/uploads\/2026\/02\/DECOR-BANQUETTE-1-255x340.jpg 255w, https:\/\/verra-courbevoie.fr\/wp-content\/uploads\/2026\/02\/DECOR-BANQUETTE-1-scaled.jpg 1922w\" sizes=\"(max-width: 370px) 100vw, 370px\" \/>                    <\/div>                    <div class=\"pt-gallery-item\"><img loading=\"lazy\" decoding=\"async\" width=\"370\" height=\"555\" src=\"https:\/\/verra-courbevoie.fr\/wp-content\/uploads\/2026\/04\/Margarita-370x555.jpg\" class=\"attachment-patiotime_370x9999 size-patiotime_370x9999 wp-image-2744\" alt=\"\" srcset=\"https:\/\/verra-courbevoie.fr\/wp-content\/uploads\/2026\/04\/Margarita-370x555.jpg 370w, https:\/\/verra-courbevoie.fr\/wp-content\/uploads\/2026\/04\/Margarita-200x300.jpg 200w, https:\/\/verra-courbevoie.fr\/wp-content\/uploads\/2026\/04\/Margarita-683x1024.jpg 683w, https:\/\/verra-courbevoie.fr\/wp-content\/uploads\/2026\/04\/Margarita-768x1152.jpg 768w, https:\/\/verra-courbevoie.fr\/wp-content\/uploads\/2026\/04\/Margarita-1024x1536.jpg 1024w, https:\/\/verra-courbevoie.fr\/wp-content\/uploads\/2026\/04\/Margarita-1365x2048.jpg 1365w, https:\/\/verra-courbevoie.fr\/wp-content\/uploads\/2026\/04\/Margarita-8x12.jpg 8w, https:\/\/verra-courbevoie.fr\/wp-content\/uploads\/2026\/04\/Margarita-1920x2880.jpg 1920w, https:\/\/verra-courbevoie.fr\/wp-content\/uploads\/2026\/04\/Margarita-1440x2160.jpg 1440w, https:\/\/verra-courbevoie.fr\/wp-content\/uploads\/2026\/04\/Margarita-1200x1800.jpg 1200w, https:\/\/verra-courbevoie.fr\/wp-content\/uploads\/2026\/04\/Margarita-780x1170.jpg 780w, https:\/\/verra-courbevoie.fr\/wp-content\/uploads\/2026\/04\/Margarita-600x900.jpg 600w, https:\/\/verra-courbevoie.fr\/wp-content\/uploads\/2026\/04\/Margarita-550x825.jpg 550w, https:\/\/verra-courbevoie.fr\/wp-content\/uploads\/2026\/04\/Margarita-255x383.jpg 255w, https:\/\/verra-courbevoie.fr\/wp-content\/uploads\/2026\/04\/Margarita-scaled.jpg 1707w\" sizes=\"(max-width: 370px) 100vw, 370px\" \/>                    <\/div>                <\/div>\n            <\/div>\t\t\t\t<\/div>\n\t\t\t\t<\/div>\n\t\t\t\t\t<\/div>\n\t\t<\/div>\n\t\t\t\t\t<\/div>\n\t\t<\/section>\n\t\t\t\t<section class=\"elementor-section elementor-top-section elementor-element elementor-element-668a1e81 elementor-section-boxed elementor-section-height-default elementor-section-height-default wpr-particle-no wpr-jarallax-no wpr-parallax-no wpr-sticky-section-no wpr-equal-height-no\" data-id=\"668a1e81\" data-element_type=\"section\" data-e-type=\"section\" data-settings=\"{&quot;background_background&quot;:&quot;classic&quot;}\">\n\t\t\t\t\t\t<div class=\"elementor-container elementor-column-gap-no\">\n\t\t\t\t\t<div class=\"elementor-column elementor-col-50 elementor-top-column elementor-element elementor-element-5670fc31\" data-id=\"5670fc31\" data-element_type=\"column\" data-e-type=\"column\">\n\t\t\t<div class=\"elementor-widget-wrap elementor-element-populated\">\n\t\t\t\t\t\t<section class=\"elementor-section elementor-inner-section elementor-element elementor-element-16b1553f elementor-section-content-middle elementor-section-boxed elementor-section-height-default elementor-section-height-default wpr-particle-no wpr-jarallax-no wpr-parallax-no wpr-sticky-section-no wpr-equal-height-no\" data-id=\"16b1553f\" data-element_type=\"section\" data-e-type=\"section\">\n\t\t\t\t\t\t<div class=\"elementor-container elementor-column-gap-no\">\n\t\t\t\t\t<div class=\"elementor-column elementor-col-50 elementor-inner-column elementor-element elementor-element-6757e88\" data-id=\"6757e88\" data-element_type=\"column\" data-e-type=\"column\" data-settings=\"{&quot;background_background&quot;:&quot;classic&quot;}\">\n\t\t\t<div class=\"elementor-widget-wrap elementor-element-populated\">\n\t\t\t\t\t\t<div class=\"elementor-element elementor-element-7118bd53 elementor-widget elementor-widget-image\" data-id=\"7118bd53\" data-element_type=\"widget\" data-e-type=\"widget\" data-widget_type=\"image.default\">\n\t\t\t\t<div class=\"elementor-widget-container\">\n\t\t\t\t\t\t\t\t\t\t\t\t\t\t\t<img loading=\"lazy\" decoding=\"async\" width=\"370\" height=\"493\" src=\"https:\/\/verra-courbevoie.fr\/wp-content\/uploads\/2026\/02\/ILE-FLOTTANTE-XXL-4-370x493.jpg\" class=\"attachment-patiotime_370x9999 size-patiotime_370x9999 wp-image-2547\" alt=\"\" srcset=\"https:\/\/verra-courbevoie.fr\/wp-content\/uploads\/2026\/02\/ILE-FLOTTANTE-XXL-4-370x493.jpg 370w, https:\/\/verra-courbevoie.fr\/wp-content\/uploads\/2026\/02\/ILE-FLOTTANTE-XXL-4-225x300.jpg 225w, https:\/\/verra-courbevoie.fr\/wp-content\/uploads\/2026\/02\/ILE-FLOTTANTE-XXL-4-769x1024.jpg 769w, https:\/\/verra-courbevoie.fr\/wp-content\/uploads\/2026\/02\/ILE-FLOTTANTE-XXL-4-768x1023.jpg 768w, https:\/\/verra-courbevoie.fr\/wp-content\/uploads\/2026\/02\/ILE-FLOTTANTE-XXL-4-1153x1536.jpg 1153w, https:\/\/verra-courbevoie.fr\/wp-content\/uploads\/2026\/02\/ILE-FLOTTANTE-XXL-4-1538x2048.jpg 1538w, https:\/\/verra-courbevoie.fr\/wp-content\/uploads\/2026\/02\/ILE-FLOTTANTE-XXL-4-9x12.jpg 9w, https:\/\/verra-courbevoie.fr\/wp-content\/uploads\/2026\/02\/ILE-FLOTTANTE-XXL-4-1920x2557.jpg 1920w, https:\/\/verra-courbevoie.fr\/wp-content\/uploads\/2026\/02\/ILE-FLOTTANTE-XXL-4-1440x1918.jpg 1440w, https:\/\/verra-courbevoie.fr\/wp-content\/uploads\/2026\/02\/ILE-FLOTTANTE-XXL-4-1200x1598.jpg 1200w, https:\/\/verra-courbevoie.fr\/wp-content\/uploads\/2026\/02\/ILE-FLOTTANTE-XXL-4-780x1039.jpg 780w, https:\/\/verra-courbevoie.fr\/wp-content\/uploads\/2026\/02\/ILE-FLOTTANTE-XXL-4-600x799.jpg 600w, https:\/\/verra-courbevoie.fr\/wp-content\/uploads\/2026\/02\/ILE-FLOTTANTE-XXL-4-550x732.jpg 550w, https:\/\/verra-courbevoie.fr\/wp-content\/uploads\/2026\/02\/ILE-FLOTTANTE-XXL-4-255x340.jpg 255w, https:\/\/verra-courbevoie.fr\/wp-content\/uploads\/2026\/02\/ILE-FLOTTANTE-XXL-4-scaled.jpg 1922w\" sizes=\"(max-width: 370px) 100vw, 370px\" \/>\t\t\t\t\t\t\t\t\t\t\t\t\t\t\t<\/div>\n\t\t\t\t<\/div>\n\t\t\t\t\t<\/div>\n\t\t<\/div>\n\t\t\t\t<div class=\"elementor-column elementor-col-50 elementor-inner-column elementor-element elementor-element-26fbdaa\" data-id=\"26fbdaa\" data-element_type=\"column\" data-e-type=\"column\">\n\t\t\t<div class=\"elementor-widget-wrap elementor-element-populated\">\n\t\t\t\t\t\t<div class=\"elementor-element elementor-element-73489a9b elementor-hidden-mobile elementor-widget elementor-widget-image\" data-id=\"73489a9b\" data-element_type=\"widget\" data-e-type=\"widget\" data-widget_type=\"image.default\">\n\t\t\t\t<div class=\"elementor-widget-container\">\n\t\t\t\t\t\t\t\t\t\t\t\t\t\t\t<img loading=\"lazy\" decoding=\"async\" width=\"370\" height=\"493\" src=\"https:\/\/verra-courbevoie.fr\/wp-content\/uploads\/2026\/02\/COOKIES-VERRA-AUX-PRALIN-1-370x493.jpg\" class=\"attachment-patiotime_370x9999 size-patiotime_370x9999 wp-image-2545\" alt=\"\" srcset=\"https:\/\/verra-courbevoie.fr\/wp-content\/uploads\/2026\/02\/COOKIES-VERRA-AUX-PRALIN-1-370x493.jpg 370w, https:\/\/verra-courbevoie.fr\/wp-content\/uploads\/2026\/02\/COOKIES-VERRA-AUX-PRALIN-1-225x300.jpg 225w, https:\/\/verra-courbevoie.fr\/wp-content\/uploads\/2026\/02\/COOKIES-VERRA-AUX-PRALIN-1-769x1024.jpg 769w, https:\/\/verra-courbevoie.fr\/wp-content\/uploads\/2026\/02\/COOKIES-VERRA-AUX-PRALIN-1-768x1023.jpg 768w, https:\/\/verra-courbevoie.fr\/wp-content\/uploads\/2026\/02\/COOKIES-VERRA-AUX-PRALIN-1-1153x1536.jpg 1153w, https:\/\/verra-courbevoie.fr\/wp-content\/uploads\/2026\/02\/COOKIES-VERRA-AUX-PRALIN-1-1538x2048.jpg 1538w, https:\/\/verra-courbevoie.fr\/wp-content\/uploads\/2026\/02\/COOKIES-VERRA-AUX-PRALIN-1-9x12.jpg 9w, https:\/\/verra-courbevoie.fr\/wp-content\/uploads\/2026\/02\/COOKIES-VERRA-AUX-PRALIN-1-1920x2557.jpg 1920w, https:\/\/verra-courbevoie.fr\/wp-content\/uploads\/2026\/02\/COOKIES-VERRA-AUX-PRALIN-1-1440x1918.jpg 1440w, https:\/\/verra-courbevoie.fr\/wp-content\/uploads\/2026\/02\/COOKIES-VERRA-AUX-PRALIN-1-1200x1598.jpg 1200w, https:\/\/verra-courbevoie.fr\/wp-content\/uploads\/2026\/02\/COOKIES-VERRA-AUX-PRALIN-1-780x1039.jpg 780w, https:\/\/verra-courbevoie.fr\/wp-content\/uploads\/2026\/02\/COOKIES-VERRA-AUX-PRALIN-1-600x799.jpg 600w, https:\/\/verra-courbevoie.fr\/wp-content\/uploads\/2026\/02\/COOKIES-VERRA-AUX-PRALIN-1-550x732.jpg 550w, https:\/\/verra-courbevoie.fr\/wp-content\/uploads\/2026\/02\/COOKIES-VERRA-AUX-PRALIN-1-255x340.jpg 255w, https:\/\/verra-courbevoie.fr\/wp-content\/uploads\/2026\/02\/COOKIES-VERRA-AUX-PRALIN-1-scaled.jpg 1922w\" sizes=\"(max-width: 370px) 100vw, 370px\" \/>\t\t\t\t\t\t\t\t\t\t\t\t\t\t\t<\/div>\n\t\t\t\t<\/div>\n\t\t\t\t\t<\/div>\n\t\t<\/div>\n\t\t\t\t\t<\/div>\n\t\t<\/section>\n\t\t\t\t\t<\/div>\n\t\t<\/div>\n\t\t\t\t<div class=\"elementor-column elementor-col-50 elementor-top-column elementor-element elementor-element-1d9cbfda\" data-id=\"1d9cbfda\" data-element_type=\"column\" data-e-type=\"column\">\n\t\t\t<div class=\"elementor-widget-wrap elementor-element-populated\">\n\t\t\t\t\t\t<div class=\"elementor-element elementor-element-4083e9b elementor-widget elementor-widget-pt_title\" data-id=\"4083e9b\" data-element_type=\"widget\" data-e-type=\"widget\" data-widget_type=\"pt_title.default\">\n\t\t\t\t<div class=\"elementor-widget-container\">\n\t\t\t\t\t\n        <div class=\"pt-title-wrap\">\t            <div class=\"pt-subtitle-wrap\"><span class=\"pt-subtitle\">Taste &amp; Attention<\/span><\/div>\t            <h5 class=\"pt-title color-white\">\n\t                Our Philosophy\t            <\/h5>\t            <div class=\"pt-title-text\">\n\t                <p><strong>Verr\u00e4 is a cuisine close to you.<\/strong> <br \/>Here, lunch, drinks with colleagues, or a family dinner can become a memorable experience because we put our heart into it. All our expertise and high standards are dedicated to making your visit a Verr\u00e4 experience.<\/p><p>Eating well shouldn&#039;t be exceptional, but natural. Elegance isn&#039;t shouted from the rooftops, it&#039;s felt at Verr\u00e4.<\/p>\t            <\/div>        <\/div>\t\t\t\t<\/div>\n\t\t\t\t<\/div>\n\t\t\t\t\t<\/div>\n\t\t<\/div>\n\t\t\t\t\t<\/div>\n\t\t<\/section>\n\t\t\t\t<section class=\"elementor-section elementor-top-section elementor-element elementor-element-251c7c01 elementor-reverse-tablet elementor-reverse-mobile elementor-section-boxed elementor-section-height-default elementor-section-height-default wpr-particle-no wpr-jarallax-no wpr-parallax-no wpr-sticky-section-no wpr-equal-height-no\" data-id=\"251c7c01\" data-element_type=\"section\" data-e-type=\"section\" data-settings=\"{&quot;background_background&quot;:&quot;classic&quot;}\">\n\t\t\t\t\t\t<div class=\"elementor-container elementor-column-gap-no\">\n\t\t\t\t\t<div class=\"elementor-column elementor-col-50 elementor-top-column elementor-element elementor-element-114a88ef\" data-id=\"114a88ef\" data-element_type=\"column\" data-e-type=\"column\">\n\t\t\t<div class=\"elementor-widget-wrap elementor-element-populated\">\n\t\t\t\t\t\t<div class=\"elementor-element elementor-element-483df947 elementor-widget elementor-widget-pt_title\" data-id=\"483df947\" data-element_type=\"widget\" data-e-type=\"widget\" data-widget_type=\"pt_title.default\">\n\t\t\t\t<div class=\"elementor-widget-container\">\n\t\t\t\t\t\n        <div class=\"pt-title-wrap text-right text-left-tablet\">\t            <div class=\"pt-subtitle-wrap\"><span class=\"pt-subtitle\">At the Restaurant<\/span><\/div>\t            <h5 class=\"pt-title\">\n\t                Find us\t            <\/h5>\t            <div class=\"pt-title-text\">\n\t                <p>28 Rue de l&#039;Alma, 92400 Courbevoie<br \/>Email: contact@verra-courbevoie.fr<br \/>Tel: 01 41 18 71 39<\/p>\t            <\/div>                <div class=\"pt-title-btn\">\n                    <a class=\"button elementor-button-link\" role=\"button\" href=\"https:\/\/www.google.com\/maps\/place\/Verra+Courbevoie\/@48.8929245,2.2779738,13z\/data=!4m6!3m5!1s0x47e66514adf8bb1d:0xcf989d9eef94b724!8m2!3d48.896233!4d2.253495!16s%2Fg%2F11qr6b5r_k?entry=ttu&#038;g_ep=EgoyMDI1MDMzMS4wIKXMDSoASAFQAw%3D%3D\" target=\"_blank\">\n                        <span class=\"pt-btn-text\">See the Itinerary<\/span>\n                    <\/a>\n                <\/div>\n                    <\/div>\t\t\t\t<\/div>\n\t\t\t\t<\/div>\n\t\t\t\t\t<\/div>\n\t\t<\/div>\n\t\t\t\t<div class=\"elementor-column elementor-col-50 elementor-top-column elementor-element elementor-element-421683e\" data-id=\"421683e\" data-element_type=\"column\" data-e-type=\"column\">\n\t\t\t<div class=\"elementor-widget-wrap elementor-element-populated\">\n\t\t\t\t\t\t<div class=\"elementor-element elementor-element-56abaa3d elementor-widget elementor-widget-pt_gallery\" data-id=\"56abaa3d\" data-element_type=\"widget\" data-e-type=\"widget\" data-widget_type=\"pt_gallery.default\">\n\t\t\t\t<div class=\"elementor-widget-container\">\n\t\t\t\t\t\n            <div class=\"pt-gallery gap-5 gallery-carousel align-middle-v\" data-column=\"2\" data-fade=\"\" data-autoplay=\"off\" data-autoplay-speed=\"5000\" data-show-arrows=\"on\" data-show-dots=\"on\">\n                <div class=\"pt-gallery-wrap\">                    <div class=\"pt-gallery-item\"><img loading=\"lazy\" decoding=\"async\" width=\"370\" height=\"493\" src=\"https:\/\/verra-courbevoie.fr\/wp-content\/uploads\/2026\/04\/COOKIES-VERRA-AUX-PRALIN-2-370x493.jpg\" class=\"attachment-patiotime_370x9999 size-patiotime_370x9999 wp-image-2869\" alt=\"\" srcset=\"https:\/\/verra-courbevoie.fr\/wp-content\/uploads\/2026\/04\/COOKIES-VERRA-AUX-PRALIN-2-370x493.jpg 370w, https:\/\/verra-courbevoie.fr\/wp-content\/uploads\/2026\/04\/COOKIES-VERRA-AUX-PRALIN-2-225x300.jpg 225w, https:\/\/verra-courbevoie.fr\/wp-content\/uploads\/2026\/04\/COOKIES-VERRA-AUX-PRALIN-2-769x1024.jpg 769w, https:\/\/verra-courbevoie.fr\/wp-content\/uploads\/2026\/04\/COOKIES-VERRA-AUX-PRALIN-2-768x1023.jpg 768w, https:\/\/verra-courbevoie.fr\/wp-content\/uploads\/2026\/04\/COOKIES-VERRA-AUX-PRALIN-2-1154x1536.jpg 1154w, https:\/\/verra-courbevoie.fr\/wp-content\/uploads\/2026\/04\/COOKIES-VERRA-AUX-PRALIN-2-1538x2048.jpg 1538w, https:\/\/verra-courbevoie.fr\/wp-content\/uploads\/2026\/04\/COOKIES-VERRA-AUX-PRALIN-2-9x12.jpg 9w, https:\/\/verra-courbevoie.fr\/wp-content\/uploads\/2026\/04\/COOKIES-VERRA-AUX-PRALIN-2-1920x2557.jpg 1920w, https:\/\/verra-courbevoie.fr\/wp-content\/uploads\/2026\/04\/COOKIES-VERRA-AUX-PRALIN-2-1440x1917.jpg 1440w, https:\/\/verra-courbevoie.fr\/wp-content\/uploads\/2026\/04\/COOKIES-VERRA-AUX-PRALIN-2-1200x1598.jpg 1200w, https:\/\/verra-courbevoie.fr\/wp-content\/uploads\/2026\/04\/COOKIES-VERRA-AUX-PRALIN-2-780x1039.jpg 780w, https:\/\/verra-courbevoie.fr\/wp-content\/uploads\/2026\/04\/COOKIES-VERRA-AUX-PRALIN-2-600x799.jpg 600w, https:\/\/verra-courbevoie.fr\/wp-content\/uploads\/2026\/04\/COOKIES-VERRA-AUX-PRALIN-2-550x732.jpg 550w, https:\/\/verra-courbevoie.fr\/wp-content\/uploads\/2026\/04\/COOKIES-VERRA-AUX-PRALIN-2-255x340.jpg 255w, https:\/\/verra-courbevoie.fr\/wp-content\/uploads\/2026\/04\/COOKIES-VERRA-AUX-PRALIN-2-scaled.jpg 1923w\" sizes=\"(max-width: 370px) 100vw, 370px\" \/>                    <\/div>                    <div class=\"pt-gallery-item\"><img loading=\"lazy\" decoding=\"async\" width=\"370\" height=\"493\" src=\"https:\/\/verra-courbevoie.fr\/wp-content\/uploads\/2026\/04\/COQUILLETTES-AU-JAMBON-3-370x493.jpg\" class=\"attachment-patiotime_370x9999 size-patiotime_370x9999 wp-image-2870\" alt=\"\" srcset=\"https:\/\/verra-courbevoie.fr\/wp-content\/uploads\/2026\/04\/COQUILLETTES-AU-JAMBON-3-370x493.jpg 370w, https:\/\/verra-courbevoie.fr\/wp-content\/uploads\/2026\/04\/COQUILLETTES-AU-JAMBON-3-225x300.jpg 225w, https:\/\/verra-courbevoie.fr\/wp-content\/uploads\/2026\/04\/COQUILLETTES-AU-JAMBON-3-769x1024.jpg 769w, https:\/\/verra-courbevoie.fr\/wp-content\/uploads\/2026\/04\/COQUILLETTES-AU-JAMBON-3-768x1023.jpg 768w, https:\/\/verra-courbevoie.fr\/wp-content\/uploads\/2026\/04\/COQUILLETTES-AU-JAMBON-3-1153x1536.jpg 1153w, https:\/\/verra-courbevoie.fr\/wp-content\/uploads\/2026\/04\/COQUILLETTES-AU-JAMBON-3-1538x2048.jpg 1538w, https:\/\/verra-courbevoie.fr\/wp-content\/uploads\/2026\/04\/COQUILLETTES-AU-JAMBON-3-9x12.jpg 9w, https:\/\/verra-courbevoie.fr\/wp-content\/uploads\/2026\/04\/COQUILLETTES-AU-JAMBON-3-1920x2557.jpg 1920w, https:\/\/verra-courbevoie.fr\/wp-content\/uploads\/2026\/04\/COQUILLETTES-AU-JAMBON-3-1440x1918.jpg 1440w, https:\/\/verra-courbevoie.fr\/wp-content\/uploads\/2026\/04\/COQUILLETTES-AU-JAMBON-3-1200x1598.jpg 1200w, https:\/\/verra-courbevoie.fr\/wp-content\/uploads\/2026\/04\/COQUILLETTES-AU-JAMBON-3-780x1039.jpg 780w, https:\/\/verra-courbevoie.fr\/wp-content\/uploads\/2026\/04\/COQUILLETTES-AU-JAMBON-3-600x799.jpg 600w, https:\/\/verra-courbevoie.fr\/wp-content\/uploads\/2026\/04\/COQUILLETTES-AU-JAMBON-3-550x732.jpg 550w, https:\/\/verra-courbevoie.fr\/wp-content\/uploads\/2026\/04\/COQUILLETTES-AU-JAMBON-3-255x340.jpg 255w, https:\/\/verra-courbevoie.fr\/wp-content\/uploads\/2026\/04\/COQUILLETTES-AU-JAMBON-3-scaled.jpg 1922w\" sizes=\"(max-width: 370px) 100vw, 370px\" \/>                    <\/div>                <\/div>\n            <\/div>\t\t\t\t<\/div>\n\t\t\t\t<\/div>\n\t\t\t\t\t<\/div>\n\t\t<\/div>\n\t\t\t\t\t<\/div>\n\t\t<\/section>\n\t\t\t\t<\/div>","protected":false},"excerpt":{"rendered":"<p>Renaissance Notre Histoire Plus qu&rsquo;un changement de nom Verr\u00e4, une Renaissance Verr\u00e4 est n\u00e9 d\u2019une envie : repenser le lieu, la carte et l\u2019exp\u00e9rience client.Anciennement brasserie de quartier, le restaurant a chang\u00e9 de nom, de direction et d\u2019ambition. Au C\u0153ur du la Cuisine Passion &amp; Respect La cuisine, c\u2019est d\u2019abord une question de respect : du produit, du m\u00e9tier, et des gens qu\u2019on re\u00e7oit. Chaque plat qui sort de ma cuisine se doit d\u2019\u00eatre juste, franc, fait avec rigueur\u2026 et toujours avec c\u0153ur et passion. Chef Cuisinier Art raffin\u00e9e Cuisine &amp; Bar Notre cuisine, inspir\u00e9e de la tradition fran\u00e7aise, est tourn\u00e9e vers la finesse des saveurs et le soin de la pr\u00e9sentation. Nous mettons \u00e0 l\u2019honneur des produits s\u00e9lectionn\u00e9s avec exigence, comme le boudin noir de Christian Parra, Meilleur Ouvrier de France, devenu une signature de notre carte. C\u00f4t\u00e9 bar, nous int\u00e9grons l\u2019art de la mixologie avec des inventions cr\u00e9atives, comme notre cocktail signature Verr\u00e4 qui est une alternative douce et enivrante de la Pi\u00f1a Colada. Un confort in\u00e9gal\u00e9 C\u2019est dans un espace \u00e0 la d\u00e9coration chaleureuse et \u00e9l\u00e9gante que le Verr\u00e4 vous accueille pour profiter de l\u2019exp\u00e9rience dans les meilleures conditions. D\u00e9couvrez un endroit qui \u00e9volue au fil de la journ\u00e9e.\u00c0 l\u2019heure du d\u00e9jeuner, le Verr\u00e4 est le rep\u00e8re des cadres qui cherchent une pause raffin\u00e9e et loin des tumultes.C\u2019est le soir venu que le restaurant se transforme, les lumi\u00e8res s\u2019allument dans la nuit et apportent ce petit c\u00f4t\u00e9 magique incomparable \u00e0 votre soir\u00e9e. Un magnifique lieu d\u2019\u00e9changes et de partage s\u2019anime autour d\u2019une planche gourmande et de quelques verres. Go\u00fbt &#038; Attention Notre Philosophie Le Verr\u00e4, c\u2019est une cuisine proche de vous. Ici, un d\u00e9jeuner, un verre entre coll\u00e8gues ou un d\u00eener en famille peut devenir une exp\u00e9rience m\u00e9morable, parce que nous y mettons du c\u0153ur. Tout notre savoir-faire et toute notre exigence sont \u00e0 l&rsquo;\u0153uvre pour faire de votre visite une exp\u00e9rience Verr\u00e4. Bien manger ne devrait pas \u00eatre exceptionnel, mais naturel. L\u2019\u00e9l\u00e9gance ne se crie pas, elle se ressent chez Verr\u00e4. Au Restaurant Nous trouver 28 Rue de l&rsquo;Alma, 92400 CourbevoieEmail : contact@verra-courbevoie.frT\u00e9l : 01 41 18 71 39 Voir l&rsquo;Itin\u00e9raire<\/p>","protected":false},"author":1,"featured_media":0,"parent":0,"menu_order":0,"comment_status":"closed","ping_status":"closed","template":"template-wide-content.php","meta":{"inline_featured_image":false,"patiotime_single_page_hide_site_header":"","patiotime_single_page_site_header_source":"","patiotime_single_page_custom_site_header":"0","patiotime_single_page_custom_sticky_site_header":"0","patiotime_single_page_custom_page_title_margin_top_source":"","patiotime_single_page_custom_page_title_desktop_margin_top":"","patiotime_single_page_custom_page_title_tablet_margin_top":"","patiotime_single_page_custom_page_title_mobile_margin_top":"","patiotime_single_page_hide_page_title":"on","patiotime_single_page_header_section_size":"","patiotime_single_page_header_background_color":"","patiotime_single_page_header_background_position_x":"center","patiotime_single_page_header_background_position_y":"center","patiotime_single_page_header_background_size":"cover","patiotime_single_page_header_background_repeat":"off","patiotime_single_page_header_background_scroll":"on","patiotime_single_page_header_text_color":"","patiotime_single_page_header_show_breadcrumb":"","patiotime_single_page_site_footer_hide_main":"","patiotime_single_custom_site_footer_main_source":"","patiotime_single_custom_site_footer_main":"0","patiotime_single_page_site_footer_hide_above":"","patiotime_single_custom_site_footer_above_source":"","patiotime_single_custom_site_footer_above":"0","patiotime_single_page_site_footer_hide_instagram":"","patiotime_single_page_site_footer_hide_bottom":"","patiotime_single_custom_mobile_menu_source":"","patiotime_single_custom_mobile_menu":"0","patiotime_single_custom_mobile_menu_animation":"","patiotime_single_custom_mobile_menu_width":"","patiotime_single_custom_mobile_menu_custom_width":375,"footnotes":""},"class_list":["post-431","page","type-page","status-publish","hentry"],"yoast_head":"<!-- This site is optimized with the Yoast SEO plugin v26.6 - https:\/\/yoast.com\/wordpress\/plugins\/seo\/ -->\n<title>Notre Histoire - Verr\u00e4 | Bar-Lounge<\/title>\n<meta name=\"description\" content=\"Explorez l&#039;histoire de Verr\u00e4 : renaissance du restaurant bar-lounge, qui continue avec passion pour la cuisine maison.\" \/>\n<meta name=\"robots\" content=\"index, follow, max-snippet:-1, max-image-preview:large, max-video-preview:-1\" \/>\n<link rel=\"canonical\" href=\"https:\/\/verra-courbevoie.fr\/en\/notre-histoire\/\" \/>\n<meta property=\"og:locale\" content=\"en_US\" \/>\n<meta property=\"og:type\" content=\"article\" \/>\n<meta property=\"og:title\" content=\"Notre Histoire - Verr\u00e4 | Bar-Lounge\" \/>\n<meta property=\"og:description\" content=\"Explorez l&#039;histoire de Verr\u00e4 : renaissance du restaurant bar-lounge, qui continue avec passion pour la cuisine maison.\" \/>\n<meta property=\"og:url\" content=\"https:\/\/verra-courbevoie.fr\/en\/notre-histoire\/\" \/>\n<meta property=\"og:site_name\" content=\"Verr\u00e4 | Bar-Lounge\" \/>\n<meta property=\"article:modified_time\" content=\"2026-04-20T11:18:08+00:00\" \/>\n<meta property=\"og:image\" content=\"http:\/\/verra-courbevoie.fr\/wp-content\/uploads\/2026\/04\/PRESSE-DE-BOEUF-AUX-CAROTTES-1-550x733.jpg\" \/>\n<meta name=\"twitter:card\" content=\"summary_large_image\" \/>\n<meta name=\"twitter:label1\" content=\"Est. reading time\" \/>\n\t<meta name=\"twitter:data1\" content=\"5 minutes\" \/>\n<script type=\"application\/ld+json\" class=\"yoast-schema-graph\">{\"@context\":\"https:\/\/schema.org\",\"@graph\":[{\"@type\":\"WebPage\",\"@id\":\"https:\/\/verra-courbevoie.fr\/notre-histoire\/\",\"url\":\"https:\/\/verra-courbevoie.fr\/notre-histoire\/\",\"name\":\"Notre Histoire - Verr\u00e4 | Bar-Lounge\",\"isPartOf\":{\"@id\":\"https:\/\/verra-courbevoie.fr\/#website\"},\"primaryImageOfPage\":{\"@id\":\"https:\/\/verra-courbevoie.fr\/notre-histoire\/#primaryimage\"},\"image\":{\"@id\":\"https:\/\/verra-courbevoie.fr\/notre-histoire\/#primaryimage\"},\"thumbnailUrl\":\"http:\/\/verra-courbevoie.fr\/wp-content\/uploads\/2026\/04\/PRESSE-DE-BOEUF-AUX-CAROTTES-1-550x733.jpg\",\"datePublished\":\"2022-09-20T10:09:35+00:00\",\"dateModified\":\"2026-04-20T11:18:08+00:00\",\"description\":\"Explorez l'histoire de Verr\u00e4 : renaissance du restaurant bar-lounge, qui continue avec passion pour la cuisine maison.\",\"breadcrumb\":{\"@id\":\"https:\/\/verra-courbevoie.fr\/notre-histoire\/#breadcrumb\"},\"inLanguage\":\"en-US\",\"potentialAction\":[{\"@type\":\"ReadAction\",\"target\":[\"https:\/\/verra-courbevoie.fr\/notre-histoire\/\"]}]},{\"@type\":\"ImageObject\",\"inLanguage\":\"en-US\",\"@id\":\"https:\/\/verra-courbevoie.fr\/notre-histoire\/#primaryimage\",\"url\":\"http:\/\/verra-courbevoie.fr\/wp-content\/uploads\/2026\/04\/PRESSE-DE-BOEUF-AUX-CAROTTES-1-550x733.jpg\",\"contentUrl\":\"http:\/\/verra-courbevoie.fr\/wp-content\/uploads\/2026\/04\/PRESSE-DE-BOEUF-AUX-CAROTTES-1-550x733.jpg\"},{\"@type\":\"BreadcrumbList\",\"@id\":\"https:\/\/verra-courbevoie.fr\/notre-histoire\/#breadcrumb\",\"itemListElement\":[{\"@type\":\"ListItem\",\"position\":1,\"name\":\"Accueil\",\"item\":\"https:\/\/verra-courbevoie.fr\/\"},{\"@type\":\"ListItem\",\"position\":2,\"name\":\"Notre Histoire\"}]},{\"@type\":\"WebSite\",\"@id\":\"https:\/\/verra-courbevoie.fr\/#website\",\"url\":\"https:\/\/verra-courbevoie.fr\/\",\"name\":\"Verr\u00e4 | Restaurant| Lounge-Bar\",\"description\":\"\",\"publisher\":{\"@id\":\"https:\/\/verra-courbevoie.fr\/#organization\"},\"potentialAction\":[{\"@type\":\"SearchAction\",\"target\":{\"@type\":\"EntryPoint\",\"urlTemplate\":\"https:\/\/verra-courbevoie.fr\/?s={search_term_string}\"},\"query-input\":{\"@type\":\"PropertyValueSpecification\",\"valueRequired\":true,\"valueName\":\"search_term_string\"}}],\"inLanguage\":\"en-US\"},{\"@type\":\"Organization\",\"@id\":\"https:\/\/verra-courbevoie.fr\/#organization\",\"name\":\"Verr\u00e4\",\"url\":\"https:\/\/verra-courbevoie.fr\/\",\"logo\":{\"@type\":\"ImageObject\",\"inLanguage\":\"en-US\",\"@id\":\"https:\/\/verra-courbevoie.fr\/#\/schema\/logo\/image\/\",\"url\":\"https:\/\/verra-courbevoie.fr\/wp-content\/uploads\/2025\/04\/VERRA_LOGO_LOGOTYPE_COLOR_241218.svg\",\"contentUrl\":\"https:\/\/verra-courbevoie.fr\/wp-content\/uploads\/2025\/04\/VERRA_LOGO_LOGOTYPE_COLOR_241218.svg\",\"width\":262,\"height\":67,\"caption\":\"Verr\u00e4\"},\"image\":{\"@id\":\"https:\/\/verra-courbevoie.fr\/#\/schema\/logo\/image\/\"},\"sameAs\":[\"https:\/\/www.instagram.com\/verra.courbevoie\"]}]}<\/script>\n<!-- \/ Yoast SEO plugin. -->","yoast_head_json":{"title":"Our Story - Verr\u00e4 | Bar-Lounge","description":"Explore the story of Verr\u00e4: the rebirth of the restaurant bar-lounge, which continues with a passion for home cooking.","robots":{"index":"index","follow":"follow","max-snippet":"max-snippet:-1","max-image-preview":"max-image-preview:large","max-video-preview":"max-video-preview:-1"},"canonical":"https:\/\/verra-courbevoie.fr\/en\/notre-histoire\/","og_locale":"en_US","og_type":"article","og_title":"Notre Histoire - Verr\u00e4 | Bar-Lounge","og_description":"Explorez l'histoire de Verr\u00e4 : renaissance du restaurant bar-lounge, qui continue avec passion pour la cuisine maison.","og_url":"https:\/\/verra-courbevoie.fr\/en\/notre-histoire\/","og_site_name":"Verr\u00e4 | Bar-Lounge","article_modified_time":"2026-04-20T11:18:08+00:00","og_image":[{"url":"http:\/\/verra-courbevoie.fr\/wp-content\/uploads\/2026\/04\/PRESSE-DE-BOEUF-AUX-CAROTTES-1-550x733.jpg","type":"","width":"","height":""}],"twitter_card":"summary_large_image","twitter_misc":{"Est. reading time":"5 minutes"},"schema":{"@context":"https:\/\/schema.org","@graph":[{"@type":"WebPage","@id":"https:\/\/verra-courbevoie.fr\/notre-histoire\/","url":"https:\/\/verra-courbevoie.fr\/notre-histoire\/","name":"Our Story - Verr\u00e4 | Bar-Lounge","isPartOf":{"@id":"https:\/\/verra-courbevoie.fr\/#website"},"primaryImageOfPage":{"@id":"https:\/\/verra-courbevoie.fr\/notre-histoire\/#primaryimage"},"image":{"@id":"https:\/\/verra-courbevoie.fr\/notre-histoire\/#primaryimage"},"thumbnailUrl":"http:\/\/verra-courbevoie.fr\/wp-content\/uploads\/2026\/04\/PRESSE-DE-BOEUF-AUX-CAROTTES-1-550x733.jpg","datePublished":"2022-09-20T10:09:35+00:00","dateModified":"2026-04-20T11:18:08+00:00","description":"Explore the story of Verr\u00e4: the rebirth of the restaurant bar-lounge, which continues with a passion for home cooking.","breadcrumb":{"@id":"https:\/\/verra-courbevoie.fr\/notre-histoire\/#breadcrumb"},"inLanguage":"en-US","potentialAction":[{"@type":"ReadAction","target":["https:\/\/verra-courbevoie.fr\/notre-histoire\/"]}]},{"@type":"ImageObject","inLanguage":"en-US","@id":"https:\/\/verra-courbevoie.fr\/notre-histoire\/#primaryimage","url":"http:\/\/verra-courbevoie.fr\/wp-content\/uploads\/2026\/04\/PRESSE-DE-BOEUF-AUX-CAROTTES-1-550x733.jpg","contentUrl":"http:\/\/verra-courbevoie.fr\/wp-content\/uploads\/2026\/04\/PRESSE-DE-BOEUF-AUX-CAROTTES-1-550x733.jpg"},{"@type":"BreadcrumbList","@id":"https:\/\/verra-courbevoie.fr\/notre-histoire\/#breadcrumb","itemListElement":[{"@type":"ListItem","position":1,"name":"Accueil","item":"https:\/\/verra-courbevoie.fr\/"},{"@type":"ListItem","position":2,"name":"Notre Histoire"}]},{"@type":"WebSite","@id":"https:\/\/verra-courbevoie.fr\/#website","url":"https:\/\/verra-courbevoie.fr\/","name":"Verra | Restaurant| Lounge-Bar","description":"","publisher":{"@id":"https:\/\/verra-courbevoie.fr\/#organization"},"potentialAction":[{"@type":"SearchAction","target":{"@type":"EntryPoint","urlTemplate":"https:\/\/verra-courbevoie.fr\/?s={search_term_string}"},"query-input":{"@type":"PropertyValueSpecification","valueRequired":true,"valueName":"search_term_string"}}],"inLanguage":"en-US"},{"@type":"Organization","@id":"https:\/\/verra-courbevoie.fr\/#organization","name":"See","url":"https:\/\/verra-courbevoie.fr\/","logo":{"@type":"ImageObject","inLanguage":"en-US","@id":"https:\/\/verra-courbevoie.fr\/#\/schema\/logo\/image\/","url":"https:\/\/verra-courbevoie.fr\/wp-content\/uploads\/2025\/04\/VERRA_LOGO_LOGOTYPE_COLOR_241218.svg","contentUrl":"https:\/\/verra-courbevoie.fr\/wp-content\/uploads\/2025\/04\/VERRA_LOGO_LOGOTYPE_COLOR_241218.svg","width":262,"height":67,"caption":"Verr\u00e4"},"image":{"@id":"https:\/\/verra-courbevoie.fr\/#\/schema\/logo\/image\/"},"sameAs":["https:\/\/www.instagram.com\/verra.courbevoie"]}]}},"_links":{"self":[{"href":"https:\/\/verra-courbevoie.fr\/en\/wp-json\/wp\/v2\/pages\/431","targetHints":{"allow":["GET"]}}],"collection":[{"href":"https:\/\/verra-courbevoie.fr\/en\/wp-json\/wp\/v2\/pages"}],"about":[{"href":"https:\/\/verra-courbevoie.fr\/en\/wp-json\/wp\/v2\/types\/page"}],"author":[{"embeddable":true,"href":"https:\/\/verra-courbevoie.fr\/en\/wp-json\/wp\/v2\/users\/1"}],"replies":[{"embeddable":true,"href":"https:\/\/verra-courbevoie.fr\/en\/wp-json\/wp\/v2\/comments?post=431"}],"version-history":[{"count":126,"href":"https:\/\/verra-courbevoie.fr\/en\/wp-json\/wp\/v2\/pages\/431\/revisions"}],"predecessor-version":[{"id":2873,"href":"https:\/\/verra-courbevoie.fr\/en\/wp-json\/wp\/v2\/pages\/431\/revisions\/2873"}],"wp:attachment":[{"href":"https:\/\/verra-courbevoie.fr\/en\/wp-json\/wp\/v2\/media?parent=431"}],"curies":[{"name":"wp","href":"https:\/\/api.w.org\/{rel}","templated":true}]}}